{"id":1744,"date":"2023-05-05T22:57:01","date_gmt":"2023-05-05T20:57:01","guid":{"rendered":"https:\/\/cerrajerosenbarcelona.co\/?page_id=1744"},"modified":"2023-05-05T22:58:47","modified_gmt":"2023-05-05T20:58:47","slug":"forrellat-redecon-amb-alarma","status":"publish","type":"page","link":"https:\/\/cerrajerosenbarcelona.co\/ca\/serralleria-barcelona\/forrellat-redecon-amb-alarma","title":{"rendered":"Forrellat Redecon amb alarma"},"content":{"rendered":"\n<style type=\"text\/css\" data-created_by=\"avia_inline_auto\" id=\"style-css-av-av_section-5b5f61f72f70f9a27d6c4fe82794c582\">\n.avia-section.av-av_section-5b5f61f72f70f9a27d6c4fe82794c582{\nbackground-color:#000000;\nbackground-image:unset;\n}\n.avia-section.av-av_section-5b5f61f72f70f9a27d6c4fe82794c582 .av-extra-border-element .av-extra-border-inner{\nbackground-color:#000000;\n}\n<\/style>\n<div id='av_section_1'  class='avia-section av-av_section-5b5f61f72f70f9a27d6c4fe82794c582 main_color avia-section-large avia-no-border-styling  avia-builder-el-0  el_before_av_two_third  avia-builder-el-first  avia-bg-style-scroll av-arrow-down-section container_wrap fullsize'  ><div class='container av-section-cont-open' ><main  class='template-page content  av-content-full alpha units'><div class='post-entry post-entry-type-page post-entry-1744'><div class='entry-content-wrapper clearfix'>\n\n<style type=\"text\/css\" data-created_by=\"avia_inline_auto\" id=\"style-css-av-lhb1b1sq-f3f7004cfea53f36fee84eb5591d65df\">\n#top .av-special-heading.av-lhb1b1sq-f3f7004cfea53f36fee84eb5591d65df{\npadding-bottom:10px;\ncolor:#ffffff;\n}\nbody .av-special-heading.av-lhb1b1sq-f3f7004cfea53f36fee84eb5591d65df .av-special-heading-tag .heading-char{\nfont-size:25px;\n}\n.av-special-heading.av-lhb1b1sq-f3f7004cfea53f36fee84eb5591d65df .special-heading-inner-border{\nborder-color:#ffffff;\n}\n.av-special-heading.av-lhb1b1sq-f3f7004cfea53f36fee84eb5591d65df .av-subheading{\nfont-size:15px;\n}\n<\/style>\n<div  class='av-special-heading av-lhb1b1sq-f3f7004cfea53f36fee84eb5591d65df av-special-heading-h1 custom-color-heading blockquote modern-quote modern-centered  avia-builder-el-1  avia-builder-el-no-sibling  av-linked-heading'><h1 class='av-special-heading-tag '  >Forrellat Redecon amb alarma<\/h1><div class='av_custom_color av-subheading av-subheading_below'><p>Forrellat de seguretat d&#8217;INN Solutions amb triple tecnologia<\/p>\n<\/div><div class=\"special-heading-border\"><div class=\"special-heading-inner-border\"><\/div><\/div><\/div>\n<\/div><\/div><\/main><!-- close content main element --><\/div><div class='av-extra-border-element border-extra-arrow-down'><div class='av-extra-border-outer'><div class='av-extra-border-inner'><\/div><\/div><\/div><\/div><div id='after_section_1'  class='main_color av_default_container_wrap container_wrap fullsize'  ><div class='container av-section-cont-open' ><div class='template-page content  av-content-full alpha units'><div class='post-entry post-entry-type-page post-entry-1744'><div class='entry-content-wrapper clearfix'>\n<style type=\"text\/css\" data-created_by=\"avia_inline_auto\" id=\"style-css-av-av_two_third-25347b0a799d5b9f7058434b2a9c3182\">\n.flex_column.av-av_two_third-25347b0a799d5b9f7058434b2a9c3182{\nborder-radius:0px 0px 0px 0px;\npadding:0px 0px 0px 0px;\n}\n<\/style>\n<div  class='flex_column av-av_two_third-25347b0a799d5b9f7058434b2a9c3182 av_two_third  avia-builder-el-2  el_after_av_section  el_before_av_one_third  avia-builder-el-first  first flex_column_div av-zero-column-padding  '     ><p><section  class='av_textblock_section av-lhb1da5k-5868978e0b6b5abfbb7652d4a1fff2e3 '  ><div class='avia_textblock' ><p>El forrellat Redecon \u00e9s la soluci\u00f3 ideal per apuntalar la seguretat de la porta de casa seva.<\/p>\n<div id=\"attachment_1305\" style=\"width: 385px\" class=\"wp-caption aligncenter\"><img loading=\"lazy\" decoding=\"async\" aria-describedby=\"caption-attachment-1305\" class=\"size-full wp-image-1305\" src=\"https:\/\/cerrajerosenbarcelona.co\/wp-content\/uploads\/2021\/12\/CERROJO-REDECON.jpg\" alt=\"Cerrojo Redecon Barcelona\" width=\"375\" height=\"355\" srcset=\"https:\/\/cerrajerosenbarcelona.co\/wp-content\/uploads\/2021\/12\/CERROJO-REDECON.jpg 375w, https:\/\/cerrajerosenbarcelona.co\/wp-content\/uploads\/2021\/12\/CERROJO-REDECON-300x284.jpg 300w\" sizes=\"auto, (max-width: 375px) 100vw, 375px\" \/><p id=\"caption-attachment-1305\" class=\"wp-caption-text\">Cerrojo Redecon<\/p><\/div>\n<p>El forrellat Redecon d&#8217;INN Solutions t\u00e9 una alarma de 90 decibels i un disseny que el fa pr\u00e0cticament infranquejable.<\/p>\n<ul>\n<li>Forrellat de seguretat amb retenci\u00f3 activa.<\/li>\n<li>Redecon 3C.KC \u00e9s un complement al teu pany principal, proporcionant un extra de seguretat al teu habitatge.<\/li>\n<li>Compatible amb la gran majoria de portes del mercat.<\/li>\n<li>Protecci\u00f3 contra bumping i ganzuat. Clau d\u00faltima generaci\u00f3, malson per als experts en atacs dhabilitat.<\/li>\n<\/ul>\n<div class='avia-iframe-wrap'><iframe loading=\"lazy\" title=\"CERROJO CON ALARMA (REDECON)\" width=\"1500\" height=\"844\" src=\"https:\/\/www.youtube.com\/embed\/b1TxjQkVsPA?start=9&#038;feature=oembed\" frameborder=\"0\" allow=\"accelerometer; autoplay; clipboard-write; encrypted-media; gyroscope; picture-in-picture; web-share\" allowfullscreen><\/iframe><\/div>\n<h2>QU\u00c8 ENS PROPORCIONA EL FORRELLAT REDECON?<\/h2>\n<ul>\n<li>Ens proporciona 3 capes de protecci\u00f3, resist\u00e8ncia, detecci\u00f3 i control.<\/li>\n<li>Les qualitats d&#8217;aquest escut mass\u00eds d&#8217;acer carbonitrurat amb tecnologia roc el dota d&#8217;un poder gaireb\u00e9 impenetrable.<\/li>\n<li>Rotor d&#8217;acer al mangan\u00e8s acordi la seva normativa EN 1906: 2012 G4 ( GRAU 4)<\/li>\n<li>Posseeix barra d&#8217;acer mass\u00eds de 150 mm i tamb\u00e9 el 62% de la longitud total del forrellat de 150 queda dins.<\/li>\n<li>Disposa de 4 punts de suport i 4 voltes de clau.<\/li>\n<li>Pel que fa a la retenci\u00f3 activa aix\u00f2 significa que ret\u00e9 el lladre a l&#8217;exterior abans que es faci el delicte.<\/li>\n<li>Com combina resist\u00e8ncia f\u00edsica amb tecnologia blueQuotient detectant de<\/li>\n<li>Forma anticipada el robatori.<\/li>\n<li>La comunicaci\u00f3 \u00e9s immediata i el disseny \u00e9s ecol\u00f2gic.<\/li>\n<li>Sistema d&#8217;alarma connectat les 24 hores.<\/li>\n<li>Amb sirena sense fils i desapercebuda en el dia a dia.<\/li>\n<li>Clau patentada fins al 2036.<\/li>\n<li>23 components interns amb clau reversible d&#8217;acer trovalitzat.<\/li>\n<li>M\u00e0xima protecci\u00f3 davant d&#8217;atacs violents i d&#8217;habilitat.<\/li>\n<\/ul>\n<div class='avia-iframe-wrap'><iframe loading=\"lazy\" title=\"Cerrojo de seguridad INN.LOCKS REDECON 3C.KC\" width=\"1500\" height=\"844\" src=\"https:\/\/www.youtube.com\/embed\/Vfw9Ipcw924?feature=oembed\" frameborder=\"0\" allow=\"accelerometer; autoplay; clipboard-write; encrypted-media; gyroscope; picture-in-picture; web-share\" allowfullscreen><\/iframe><\/div>\n<\/div><\/section><br \/>\n\n<style type=\"text\/css\" data-created_by=\"avia_inline_auto\" id=\"style-css-av-lhb1dtxt-ec4b035493942aefce592866052f6a61\">\n.av_promobox.av-lhb1dtxt-ec4b035493942aefce592866052f6a61{\ncolor:#ffffff;\nbackground:#000000;\nborder-color:#af0000;\n}\n<\/style>\n<div  class='av_promobox av-lhb1dtxt-ec4b035493942aefce592866052f6a61 avia-button-yes  avia-builder-el-4  el_after_av_textblock  avia-builder-el-last '><div class='avia-promocontent'><\/p>\n<p style=\"text-align: center;\">Necessita un many\u00e0 urgent a la seva zona? Contacti amb nosaltres.<\/p>\n<p>\n<\/div><div  class='avia-button-wrap av-lhb1dtxt-af5bf92d41e7934e3e0f94a1e6ce1f6c-wrap avia-button-right '><a href='https:\/\/cerrajerosenbarcelona.co\/ca\/barris'  class='avia-button av-lhb1dtxt-af5bf92d41e7934e3e0f94a1e6ce1f6c av-link-btn avia-icon_select-no avia-size-large avia-position-right avia-color-theme-color'   aria-label=\"CONTACTAR\"><span class='avia_iconbox_title' >CONTACTAR<\/span><\/a><\/div><\/div><\/p><\/div>\n<style type=\"text\/css\" data-created_by=\"avia_inline_auto\" id=\"style-css-av-av_one_third-f7c1061df29de8cca6b42fcf455fe4a0\">\n.flex_column.av-av_one_third-f7c1061df29de8cca6b42fcf455fe4a0{\nborder-radius:0px 0px 0px 0px;\npadding:0px 0px 0px 0px;\n}\n<\/style>\n<div  class='flex_column av-av_one_third-f7c1061df29de8cca6b42fcf455fe4a0 av_one_third  avia-builder-el-5  el_after_av_two_third  avia-builder-el-last  flex_column_div av-zero-column-padding  '     ><p>\n<style type=\"text\/css\" data-created_by=\"avia_inline_auto\" id=\"style-css-av-lhb1dkms-26741101cbda0ebb94e704469bb94407\">\n#top .av-special-heading.av-lhb1dkms-26741101cbda0ebb94e704469bb94407{\npadding-bottom:10px;\ncolor:#000000;\n}\nbody .av-special-heading.av-lhb1dkms-26741101cbda0ebb94e704469bb94407 .av-special-heading-tag .heading-char{\nfont-size:25px;\n}\n.av-special-heading.av-lhb1dkms-26741101cbda0ebb94e704469bb94407 .special-heading-inner-border{\nborder-color:#000000;\n}\n.av-special-heading.av-lhb1dkms-26741101cbda0ebb94e704469bb94407 .av-subheading{\nfont-size:15px;\n}\n<\/style>\n<div  class='av-special-heading av-lhb1dkms-26741101cbda0ebb94e704469bb94407 av-special-heading-h3 custom-color-heading blockquote modern-quote  avia-builder-el-6  el_before_av_hr  avia-builder-el-first  av-linked-heading'><h3 class='av-special-heading-tag '  >Pressupost a l\u2019instant gratu\u00eft<\/h3><div class=\"special-heading-border\"><div class=\"special-heading-inner-border\"><\/div><\/div><\/div><br \/>\n\n<style type=\"text\/css\" data-created_by=\"avia_inline_auto\" id=\"style-css-av-av_hr-1db3990e3ede245c14f5cf112d1789c8\">\n#top .hr.av-av_hr-1db3990e3ede245c14f5cf112d1789c8{\nmargin-top:10px;\nmargin-bottom:10px;\n}\n.hr.av-av_hr-1db3990e3ede245c14f5cf112d1789c8 .hr-inner{\nwidth:50px;\nborder-color:#b02b2c;\n}\n<\/style>\n<div  class='hr av-av_hr-1db3990e3ede245c14f5cf112d1789c8 hr-custom  avia-builder-el-7  el_after_av_heading  el_before_av_textblock  hr-left hr-icon-no'><span class='hr-inner inner-border-av-border-thin'><span class=\"hr-inner-style\"><\/span><\/span><\/div><br \/>\n<section  class='av_textblock_section av-av_textblock-18ec860c7e07088d2c0a993b614e8019 '  ><div class='avia_textblock' ><div><strong>93 323 8507 &#8211; 24H<br \/>\n629 58 70 22 &#8211; 24H<\/strong><\/div>\n<\/div><\/section><\/p><\/div><\/p>\n","protected":false},"excerpt":{"rendered":"","protected":false},"author":2,"featured_media":0,"parent":1661,"menu_order":0,"comment_status":"closed","ping_status":"closed","template":"","meta":{"footnotes":""},"class_list":["post-1744","page","type-page","status-publish","hentry"],"yoast_head":"<!-- This site is optimized with the Yoast SEO plugin v26.6 - https:\/\/yoast.com\/wordpress\/plugins\/seo\/ -->\n<title>Forrellat Redecon amb alarma - Cerrajer\u00eda<\/title>\n<meta name=\"robots\" content=\"index, follow, max-snippet:-1, max-image-preview:large, max-video-preview:-1\" \/>\n<link rel=\"canonical\" href=\"https:\/\/cerrajerosenbarcelona.co\/ca\/serralleria-barcelona\/forrellat-redecon-amb-alarma\" \/>\n<meta property=\"og:locale\" content=\"ca_ES\" \/>\n<meta property=\"og:type\" content=\"article\" \/>\n<meta property=\"og:title\" content=\"Forrellat Redecon amb alarma - Cerrajer\u00eda\" \/>\n<meta property=\"og:url\" content=\"https:\/\/cerrajerosenbarcelona.co\/ca\/serralleria-barcelona\/forrellat-redecon-amb-alarma\" \/>\n<meta property=\"og:site_name\" content=\"Cerrajer\u00eda\" \/>\n<meta property=\"article:modified_time\" content=\"2023-05-05T20:58:47+00:00\" \/>\n<meta property=\"og:image\" content=\"https:\/\/cerrajerosenbarcelona.co\/wp-content\/uploads\/2021\/12\/CERROJO-REDECON.jpg\" \/>\n<meta name=\"twitter:card\" content=\"summary_large_image\" \/>\n<meta name=\"twitter:label1\" content=\"Temps estimat de lectura\" \/>\n\t<meta name=\"twitter:data1\" content=\"4 minuts\" \/>\n<script type=\"application\/ld+json\" class=\"yoast-schema-graph\">{\"@context\":\"https:\/\/schema.org\",\"@graph\":[{\"@type\":\"WebPage\",\"@id\":\"https:\/\/cerrajerosenbarcelona.co\/ca\/serralleria-barcelona\/forrellat-redecon-amb-alarma\",\"url\":\"https:\/\/cerrajerosenbarcelona.co\/ca\/serralleria-barcelona\/forrellat-redecon-amb-alarma\",\"name\":\"Forrellat Redecon amb alarma - Cerrajer\u00eda\",\"isPartOf\":{\"@id\":\"https:\/\/cerrajerosenbarcelona.co\/#website\"},\"primaryImageOfPage\":{\"@id\":\"https:\/\/cerrajerosenbarcelona.co\/ca\/serralleria-barcelona\/forrellat-redecon-amb-alarma#primaryimage\"},\"image\":{\"@id\":\"https:\/\/cerrajerosenbarcelona.co\/ca\/serralleria-barcelona\/forrellat-redecon-amb-alarma#primaryimage\"},\"thumbnailUrl\":\"https:\/\/cerrajerosenbarcelona.co\/wp-content\/uploads\/2021\/12\/CERROJO-REDECON.jpg\",\"datePublished\":\"2023-05-05T20:57:01+00:00\",\"dateModified\":\"2023-05-05T20:58:47+00:00\",\"breadcrumb\":{\"@id\":\"https:\/\/cerrajerosenbarcelona.co\/ca\/serralleria-barcelona\/forrellat-redecon-amb-alarma#breadcrumb\"},\"inLanguage\":\"ca\",\"potentialAction\":[{\"@type\":\"ReadAction\",\"target\":[\"https:\/\/cerrajerosenbarcelona.co\/ca\/serralleria-barcelona\/forrellat-redecon-amb-alarma\"]}]},{\"@type\":\"ImageObject\",\"inLanguage\":\"ca\",\"@id\":\"https:\/\/cerrajerosenbarcelona.co\/ca\/serralleria-barcelona\/forrellat-redecon-amb-alarma#primaryimage\",\"url\":\"https:\/\/cerrajerosenbarcelona.co\/wp-content\/uploads\/2021\/12\/CERROJO-REDECON.jpg\",\"contentUrl\":\"https:\/\/cerrajerosenbarcelona.co\/wp-content\/uploads\/2021\/12\/CERROJO-REDECON.jpg\"},{\"@type\":\"BreadcrumbList\",\"@id\":\"https:\/\/cerrajerosenbarcelona.co\/ca\/serralleria-barcelona\/forrellat-redecon-amb-alarma#breadcrumb\",\"itemListElement\":[{\"@type\":\"ListItem\",\"position\":1,\"name\":\"Portada\",\"item\":\"https:\/\/cerrajerosenbarcelona.co\/ca\"},{\"@type\":\"ListItem\",\"position\":2,\"name\":\"serralleria Barcelona\",\"item\":\"https:\/\/cerrajerosenbarcelona.co\/ca\/serralleria-barcelona\"},{\"@type\":\"ListItem\",\"position\":3,\"name\":\"Forrellat Redecon amb alarma\"}]},{\"@type\":\"WebSite\",\"@id\":\"https:\/\/cerrajerosenbarcelona.co\/#website\",\"url\":\"https:\/\/cerrajerosenbarcelona.co\/\",\"name\":\"Cerrajer\u00eda\",\"description\":\"Otro sitio realizado con WordPress\",\"publisher\":{\"@id\":\"https:\/\/cerrajerosenbarcelona.co\/#organization\"},\"potentialAction\":[{\"@type\":\"SearchAction\",\"target\":{\"@type\":\"EntryPoint\",\"urlTemplate\":\"https:\/\/cerrajerosenbarcelona.co\/?s={search_term_string}\"},\"query-input\":{\"@type\":\"PropertyValueSpecification\",\"valueRequired\":true,\"valueName\":\"search_term_string\"}}],\"inLanguage\":\"ca\"},{\"@type\":\"Organization\",\"@id\":\"https:\/\/cerrajerosenbarcelona.co\/#organization\",\"name\":\"Cerrajer\u00eda TDA Barcelona\",\"url\":\"https:\/\/cerrajerosenbarcelona.co\/\",\"logo\":{\"@type\":\"ImageObject\",\"inLanguage\":\"ca\",\"@id\":\"https:\/\/cerrajerosenbarcelona.co\/#\/schema\/logo\/image\/\",\"url\":\"https:\/\/cerrajerosenbarcelona.co\/wp-content\/uploads\/2019\/11\/cerrajeria-tda-barcelona-logo-2.png\",\"contentUrl\":\"https:\/\/cerrajerosenbarcelona.co\/wp-content\/uploads\/2019\/11\/cerrajeria-tda-barcelona-logo-2.png\",\"width\":332,\"height\":98,\"caption\":\"Cerrajer\u00eda TDA Barcelona\"},\"image\":{\"@id\":\"https:\/\/cerrajerosenbarcelona.co\/#\/schema\/logo\/image\/\"}}]}<\/script>\n<!-- \/ Yoast SEO plugin. -->","yoast_head_json":{"title":"Forrellat Redecon amb alarma - Cerrajer\u00eda","robots":{"index":"index","follow":"follow","max-snippet":"max-snippet:-1","max-image-preview":"max-image-preview:large","max-video-preview":"max-video-preview:-1"},"canonical":"https:\/\/cerrajerosenbarcelona.co\/ca\/serralleria-barcelona\/forrellat-redecon-amb-alarma","og_locale":"ca_ES","og_type":"article","og_title":"Forrellat Redecon amb alarma - Cerrajer\u00eda","og_url":"https:\/\/cerrajerosenbarcelona.co\/ca\/serralleria-barcelona\/forrellat-redecon-amb-alarma","og_site_name":"Cerrajer\u00eda","article_modified_time":"2023-05-05T20:58:47+00:00","og_image":[{"url":"https:\/\/cerrajerosenbarcelona.co\/wp-content\/uploads\/2021\/12\/CERROJO-REDECON.jpg","type":"","width":"","height":""}],"twitter_card":"summary_large_image","twitter_misc":{"Temps estimat de lectura":"4 minuts"},"schema":{"@context":"https:\/\/schema.org","@graph":[{"@type":"WebPage","@id":"https:\/\/cerrajerosenbarcelona.co\/ca\/serralleria-barcelona\/forrellat-redecon-amb-alarma","url":"https:\/\/cerrajerosenbarcelona.co\/ca\/serralleria-barcelona\/forrellat-redecon-amb-alarma","name":"Forrellat Redecon amb alarma - Cerrajer\u00eda","isPartOf":{"@id":"https:\/\/cerrajerosenbarcelona.co\/#website"},"primaryImageOfPage":{"@id":"https:\/\/cerrajerosenbarcelona.co\/ca\/serralleria-barcelona\/forrellat-redecon-amb-alarma#primaryimage"},"image":{"@id":"https:\/\/cerrajerosenbarcelona.co\/ca\/serralleria-barcelona\/forrellat-redecon-amb-alarma#primaryimage"},"thumbnailUrl":"https:\/\/cerrajerosenbarcelona.co\/wp-content\/uploads\/2021\/12\/CERROJO-REDECON.jpg","datePublished":"2023-05-05T20:57:01+00:00","dateModified":"2023-05-05T20:58:47+00:00","breadcrumb":{"@id":"https:\/\/cerrajerosenbarcelona.co\/ca\/serralleria-barcelona\/forrellat-redecon-amb-alarma#breadcrumb"},"inLanguage":"ca","potentialAction":[{"@type":"ReadAction","target":["https:\/\/cerrajerosenbarcelona.co\/ca\/serralleria-barcelona\/forrellat-redecon-amb-alarma"]}]},{"@type":"ImageObject","inLanguage":"ca","@id":"https:\/\/cerrajerosenbarcelona.co\/ca\/serralleria-barcelona\/forrellat-redecon-amb-alarma#primaryimage","url":"https:\/\/cerrajerosenbarcelona.co\/wp-content\/uploads\/2021\/12\/CERROJO-REDECON.jpg","contentUrl":"https:\/\/cerrajerosenbarcelona.co\/wp-content\/uploads\/2021\/12\/CERROJO-REDECON.jpg"},{"@type":"BreadcrumbList","@id":"https:\/\/cerrajerosenbarcelona.co\/ca\/serralleria-barcelona\/forrellat-redecon-amb-alarma#breadcrumb","itemListElement":[{"@type":"ListItem","position":1,"name":"Portada","item":"https:\/\/cerrajerosenbarcelona.co\/ca"},{"@type":"ListItem","position":2,"name":"serralleria Barcelona","item":"https:\/\/cerrajerosenbarcelona.co\/ca\/serralleria-barcelona"},{"@type":"ListItem","position":3,"name":"Forrellat Redecon amb alarma"}]},{"@type":"WebSite","@id":"https:\/\/cerrajerosenbarcelona.co\/#website","url":"https:\/\/cerrajerosenbarcelona.co\/","name":"Cerrajer\u00eda","description":"Otro sitio realizado con WordPress","publisher":{"@id":"https:\/\/cerrajerosenbarcelona.co\/#organization"},"potentialAction":[{"@type":"SearchAction","target":{"@type":"EntryPoint","urlTemplate":"https:\/\/cerrajerosenbarcelona.co\/?s={search_term_string}"},"query-input":{"@type":"PropertyValueSpecification","valueRequired":true,"valueName":"search_term_string"}}],"inLanguage":"ca"},{"@type":"Organization","@id":"https:\/\/cerrajerosenbarcelona.co\/#organization","name":"Cerrajer\u00eda TDA Barcelona","url":"https:\/\/cerrajerosenbarcelona.co\/","logo":{"@type":"ImageObject","inLanguage":"ca","@id":"https:\/\/cerrajerosenbarcelona.co\/#\/schema\/logo\/image\/","url":"https:\/\/cerrajerosenbarcelona.co\/wp-content\/uploads\/2019\/11\/cerrajeria-tda-barcelona-logo-2.png","contentUrl":"https:\/\/cerrajerosenbarcelona.co\/wp-content\/uploads\/2019\/11\/cerrajeria-tda-barcelona-logo-2.png","width":332,"height":98,"caption":"Cerrajer\u00eda TDA Barcelona"},"image":{"@id":"https:\/\/cerrajerosenbarcelona.co\/#\/schema\/logo\/image\/"}}]}},"_links":{"self":[{"href":"https:\/\/cerrajerosenbarcelona.co\/ca\/wp-json\/wp\/v2\/pages\/1744","targetHints":{"allow":["GET"]}}],"collection":[{"href":"https:\/\/cerrajerosenbarcelona.co\/ca\/wp-json\/wp\/v2\/pages"}],"about":[{"href":"https:\/\/cerrajerosenbarcelona.co\/ca\/wp-json\/wp\/v2\/types\/page"}],"author":[{"embeddable":true,"href":"https:\/\/cerrajerosenbarcelona.co\/ca\/wp-json\/wp\/v2\/users\/2"}],"replies":[{"embeddable":true,"href":"https:\/\/cerrajerosenbarcelona.co\/ca\/wp-json\/wp\/v2\/comments?post=1744"}],"version-history":[{"count":1,"href":"https:\/\/cerrajerosenbarcelona.co\/ca\/wp-json\/wp\/v2\/pages\/1744\/revisions"}],"predecessor-version":[{"id":1745,"href":"https:\/\/cerrajerosenbarcelona.co\/ca\/wp-json\/wp\/v2\/pages\/1744\/revisions\/1745"}],"up":[{"embeddable":true,"href":"https:\/\/cerrajerosenbarcelona.co\/ca\/wp-json\/wp\/v2\/pages\/1661"}],"wp:attachment":[{"href":"https:\/\/cerrajerosenbarcelona.co\/ca\/wp-json\/wp\/v2\/media?parent=1744"}],"curies":[{"name":"wp","href":"https:\/\/api.w.org\/{rel}","templated":true}]}}