{"id":1960,"date":"2024-04-06T09:59:42","date_gmt":"2024-04-06T07:59:42","guid":{"rendered":"https:\/\/cerrajerosenbarcelona.co\/?page_id=1960"},"modified":"2025-02-05T06:14:57","modified_gmt":"2025-02-05T05:14:57","slug":"serraller-sant-marti-la-verneda-i-la-pau","status":"publish","type":"page","link":"https:\/\/cerrajerosenbarcelona.co\/ca\/barris\/serraller-sant-marti-la-verneda-i-la-pau","title":{"rendered":"Serraller Sant Mart\u00ed \/ La Verneda i la Pau"},"content":{"rendered":"\n<style type=\"text\/css\" data-created_by=\"avia_inline_auto\" id=\"style-css-av-akyod4-3c7d42160d043e45d2be9bae9e99fb0f\">\n.avia-section.av-akyod4-3c7d42160d043e45d2be9bae9e99fb0f{\nbackground-color:#000000;\nbackground-image:unset;\n}\n.avia-section.av-akyod4-3c7d42160d043e45d2be9bae9e99fb0f .av-extra-border-element .av-extra-border-inner{\nbackground-color:#000000;\n}\n<\/style>\n<div id='av_section_1'  class='avia-section av-akyod4-3c7d42160d043e45d2be9bae9e99fb0f main_color avia-section-large avia-no-border-styling  avia-builder-el-0  el_before_av_three_fifth  avia-builder-el-first  avia-bg-style-scroll av-arrow-down-section container_wrap fullsize'  ><div class='container av-section-cont-open' ><main  class='template-page content  av-content-full alpha units'><div class='post-entry post-entry-type-page post-entry-1960'><div class='entry-content-wrapper clearfix'>\n\n<style type=\"text\/css\" data-created_by=\"avia_inline_auto\" id=\"style-css-av-lunsrgpu-6db669897a040b3307bf5081f67c5f23\">\n#top .av-special-heading.av-lunsrgpu-6db669897a040b3307bf5081f67c5f23{\npadding-bottom:10px;\ncolor:#ffffff;\n}\nbody .av-special-heading.av-lunsrgpu-6db669897a040b3307bf5081f67c5f23 .av-special-heading-tag .heading-char{\nfont-size:25px;\n}\n.av-special-heading.av-lunsrgpu-6db669897a040b3307bf5081f67c5f23 .special-heading-inner-border{\nborder-color:#ffffff;\n}\n.av-special-heading.av-lunsrgpu-6db669897a040b3307bf5081f67c5f23 .av-subheading{\nfont-size:15px;\n}\n<\/style>\n<div  class='av-special-heading av-lunsrgpu-6db669897a040b3307bf5081f67c5f23 av-special-heading-h1 custom-color-heading blockquote modern-quote modern-centered  avia-builder-el-1  avia-builder-el-no-sibling  av-linked-heading'><h1 class='av-special-heading-tag '  >Serraller Sant Mart\u00ed \/ La Verneda i la Pau<\/h1><div class=\"special-heading-border\"><div class=\"special-heading-inner-border\"><\/div><\/div><\/div>\n<\/div><\/div><\/main><!-- close content main element --><\/div><div class='av-extra-border-element border-extra-arrow-down'><div class='av-extra-border-outer'><div class='av-extra-border-inner'><\/div><\/div><\/div><\/div><div id='after_section_1'  class='main_color av_default_container_wrap container_wrap fullsize'  ><div class='container av-section-cont-open' ><div class='template-page content  av-content-full alpha units'><div class='post-entry post-entry-type-page post-entry-1960'><div class='entry-content-wrapper clearfix'>\n\n<style type=\"text\/css\" data-created_by=\"avia_inline_auto\" id=\"style-css-av-z8wiw-6e0bd135278b19e01561e5adc3a56661\">\n.flex_column.av-z8wiw-6e0bd135278b19e01561e5adc3a56661{\nborder-radius:0px 0px 0px 0px;\npadding:0px 0px 0px 0px;\n}\n<\/style>\n<div  class='flex_column av-z8wiw-6e0bd135278b19e01561e5adc3a56661 av_three_fifth  avia-builder-el-2  el_after_av_section  el_before_av_two_fifth  avia-builder-el-first  first flex_column_div av-zero-column-padding  '     ><p><section  class='av_textblock_section av-lunsrsqu-120ea86dbe7f9b63d656c1c7d0571562 '  ><div class='avia_textblock' ><p>Prestem servei de serralleria a <strong>Sant Mart\u00ed \/ La Verneda i la Pau.<\/strong><\/p>\n<p>Posem a la vostra disposici\u00f3 un <strong>many\u00e0 a Sant Mart\u00ed \/ La Verneda i la Pau per la uni\u00f3 de Serrallers de Seguretat d&#8217;Espanya<\/strong> (UCES), en un temps record.<\/p>\n<p><!--more--><\/p>\n<p>Som els seus serrallers de proximitat i estem a prop teu.<\/p>\n<p>Al barri la Verneda i la Pau igual que a la resta de Barcelona, \u00e0rea metropolitana i pobles circumdants, els nostres pressupostos s\u00f3n completament gratu\u00efts.<\/p>\n<p>Total transpar\u00e8ncia, disposici\u00f3 i proximitat.<\/p>\n<p><img loading=\"lazy\" decoding=\"async\" class=\"aligncenter wp-image-1233 size-full\" src=\"http:\/\/cerrajerosenbarcelona.co\/wp-content\/uploads\/2021\/06\/cerrajero-acreditado-uces-barcelona.jpg\" alt=\"Serraller Sant Mart\u00ed \/ La Verneda i la Pau\" width=\"1663\" height=\"383\" srcset=\"https:\/\/cerrajerosenbarcelona.co\/wp-content\/uploads\/2021\/06\/cerrajero-acreditado-uces-barcelona.jpg 1663w, https:\/\/cerrajerosenbarcelona.co\/wp-content\/uploads\/2021\/06\/cerrajero-acreditado-uces-barcelona-300x69.jpg 300w, https:\/\/cerrajerosenbarcelona.co\/wp-content\/uploads\/2021\/06\/cerrajero-acreditado-uces-barcelona-1030x237.jpg 1030w, https:\/\/cerrajerosenbarcelona.co\/wp-content\/uploads\/2021\/06\/cerrajero-acreditado-uces-barcelona-768x177.jpg 768w, https:\/\/cerrajerosenbarcelona.co\/wp-content\/uploads\/2021\/06\/cerrajero-acreditado-uces-barcelona-1536x354.jpg 1536w, https:\/\/cerrajerosenbarcelona.co\/wp-content\/uploads\/2021\/06\/cerrajero-acreditado-uces-barcelona-1500x345.jpg 1500w, https:\/\/cerrajerosenbarcelona.co\/wp-content\/uploads\/2021\/06\/cerrajero-acreditado-uces-barcelona-705x162.jpg 705w, https:\/\/cerrajerosenbarcelona.co\/wp-content\/uploads\/2021\/06\/cerrajero-acreditado-uces-barcelona-450x104.jpg 450w\" sizes=\"auto, (max-width: 1663px) 100vw, 1663px\" \/><\/p>\n<h2>SERRALLERIA A LA VERNEDA I LA PAU<\/h2>\n<p>La nostra empresa est\u00e0 altament qualificada per atendre serveis d&#8217;urg\u00e8ncia i serveis concertats a uns preus molt assenyats i raonables.<\/p>\n<p>Ens ajustem a la butxaca i els assessorarem com es mereix.<\/p>\n<p>Quan vost\u00e8 tingui una necessitat de Serralleria se li atendr\u00e0 el m\u00e9s proper a l&#8217;instant i el pressupost com a m\u00e0xim ho tindr\u00e0 en un termini de 5 minuts a m\u00e0xim una hora. Us donarem la soluci\u00f3 \u00f2ptima al vostre problema immediatament.<\/p>\n<p>La nostra m\u00e0xima \u00e9s serietat, respecte, servei el m\u00e9s proper a l&#8217;instant ia un preu de mercat i amb unes ofertes incre\u00efbles (pregunti).<\/p>\n<h2>QU\u00c8 OFEREIXEN ELS NOSTRES TANCADORS A SANT MART\u00cd?<\/h2>\n<p>Velocitat de servei, serralleria actual i innovadora i preus molt assequibles.<\/p>\n<p>Empatia i proximitat amb el client, perqu\u00e8 quan entens les necessitats, comprens qu\u00e8 es requereix.<\/p>\n<p>Ens adaptem a la butxaca perqu\u00e8 som vers\u00e0tils oferint alta seguretat a preus molt assolibles i competitius.<\/p>\n<h3>Som una empresa d&#8217;acci\u00f3 cent per cent pragm\u00e0tica (pr\u00e0ctica)<\/h3>\n<p>El que marca la difer\u00e8ncia respecte a altres serralleries \u00e9s la nostra cont\u00ednua formaci\u00f3 i l&#8217;actualitzaci\u00f3 dels nous sistemes actuals de seguretat de la llar, ind\u00fastria i comer\u00e7, transformant all\u00f2 antic en nou, all\u00f2 antiquat en nou i all\u00f2 vulnerable en impenetrable.<\/p>\n<p>Poseu-nos a prova i no us decebrem ja que el nostre lema \u00e9s crear clients fidels i satisfets.<\/p>\n<p>El 80% de panys del mercat s\u00f3n antiquats i obsolets per aix\u00f2 insistim que s&#8217;han de reempla\u00e7ar per panys, escuts protectors, cilindres anti-bumping i anti-trencament, forrellats d&#8217;alta seguretat considerant que l&#8217;acc\u00e9s dels lladres en cas de temptativa de robatori sigui infructuosa i in\u00fatil.<\/p>\n<h4>Tenim els mitjans, tenim els materials i en tenim la soluci\u00f3.<\/h4>\n<p>Som possiblement la seva millor proposta a les seves peticions, perqu\u00e8 estimem la nostra feina, mimem els nostres clients potencials i intentem vetllar per la seva seguretat i la de la seva fam\u00edlia.<\/p>\n<h2>SEGURETAT PER A LA SEVA FAM\u00cdLIA<\/h2>\n<p>\u00c9s el m\u00e9s important el que cal protegir en aquests temps tan complicats<\/p>\n<p>Estem vivint \u00e8poques molt dures, des de taxes d&#8217;atur molt elevades, robatoris al carrer i furts i inseguretat a les nostres llars.<\/p>\n<p>Despr\u00e9s del confinament no podem esperar que aix\u00f2 millori, sin\u00f3 que empitjori. Els lladres per molt de temps restringits intentaran aconseguir diners, i joies a tot arreu i examinaran comunitat a comunitat els panys m\u00e9s susceptibles d&#8217;incursi\u00f3 per aconseguir la meta del bot\u00ed.<\/p>\n<p>Dur per\u00f2 realista, \u00e9s millor no enganyar i s\u00ed conscienciar, s\u00f3n temps durs i la liquiditat dels cacs o lladres s&#8217;acaba\u2026<\/p>\n<p>En fi\u2026 la seguretat de la fam\u00edlia \u00e9s la nostra especialitat i prioritat.<\/p>\n<p>Truqui&#8217;ns no ho dubti i atendrem la seva llar com si es tract\u00e9s de la nostra.<\/p>\n<h2>SERRALLERIA SANT MART\u00cd: ELS NOSTRES SERVEIS<\/h2>\n<p>Els nostres serveis de serralleria inclouen:<\/p>\n<ul>\n<li><strong>Canviar pany CISA<\/strong><\/li>\n<li>Restauraci\u00f3 porta danyada<\/li>\n<li><strong>Obrir pany TESA<\/strong><\/li>\n<li>Arranjament de perfils<\/li>\n<li><strong>Canviar pany a La Verneda i la Pau<\/strong><\/li>\n<li>Pany de vidre<\/li>\n<li><strong>Canvi pany MULTILOCK<\/strong><\/li>\n<li>Obertura b\u00fastia<\/li>\n<li><strong>Obrir pany a Sant Mart\u00ed<\/strong><\/li>\n<li>Obrim tot tipus de porta<\/li>\n<li>Obertures de caixes fortes<\/li>\n<li><strong>Canvi pany a La Verneda i la Pau<\/strong><\/li>\n<\/ul>\n<\/div><\/section><br \/>\n\n<style type=\"text\/css\" data-created_by=\"avia_inline_auto\" id=\"style-css-av-lunss2nk-a552962916c06f3c847773ed15f794e6\">\n.av_promobox.av-lunss2nk-a552962916c06f3c847773ed15f794e6{\ncolor:#ffffff;\nbackground:#000000;\nborder-color:#af0000;\n}\n<\/style>\n<div  class='av_promobox av-lunss2nk-a552962916c06f3c847773ed15f794e6 avia-button-yes  avia-builder-el-4  el_after_av_textblock  el_before_av_toggle_container '><div class='avia-promocontent'><\/p>\n<p style=\"text-align: center;\">Necessita un many\u00e0 urgent a <span data-sheets-root=\"1\" data-sheets-value=\"{\" data-sheets-userformat=\"{\">Sant Mart\u00ed \/ La Verneda i la Pau<\/span> a la seva zona? Contacti amb nosaltres.<\/p>\n<p>\n<\/div><div  class='avia-button-wrap av-lunss2nk-4acde0f6e842e79bde346ecb9e48f37e-wrap avia-button-right '><a href='https:\/\/cerrajerosenbarcelona.co\/ca\/barris'  class='avia-button av-lunss2nk-4acde0f6e842e79bde346ecb9e48f37e av-link-btn avia-icon_select-no avia-size-large avia-position-right avia-color-theme-color'   aria-label=\"CONTACTAR\"><span class='avia_iconbox_title' >CONTACTAR<\/span><\/a><\/div><\/div><br \/>\n<div  class='togglecontainer av-m6rgfjqu-845b47c8811c56534ff91d78186d0d69  avia-builder-el-5  el_after_av_promobox  avia-builder-el-last  toggle_close_all' >\n<section class='av_toggle_section av-m6rgdggv-9064e25181ab1c15a3f69af66998e85b' ><div role=\"tablist\" class=\"single_toggle\" data-tags=\"{All} \"  ><h3 id='toggle-toggle-id-1' data-fake-id='#toggle-id-1' class='toggler  av-title-above '  role='tab' tabindex='0' aria-controls='toggle-id-1' data-slide-speed=\"200\" data-title=\"Quin tipus de portes podeu obrir al barri de Sant Mart\u00ed - La Verneda i La Pau?\" data-title-open=\"\" data-aria_collapsed=\"Click to expand: Quin tipus de portes podeu obrir al barri de Sant Mart\u00ed - La Verneda i La Pau?\" data-aria_expanded=\"Click to collapse: Quin tipus de portes podeu obrir al barri de Sant Mart\u00ed - La Verneda i La Pau?\">Quin tipus de portes podeu obrir al barri de Sant Mart\u00ed - La Verneda i La Pau?<span class=\"toggle_icon\"><span class=\"vert_icon\"><\/span><span class=\"hor_icon\"><\/span><\/span><\/h3><div id='toggle-id-1' aria-labelledby='toggle-toggle-id-1' role='region' class='toggle_wrap  av-title-above'  ><div class='toggle_content invers-color ' ><p>Els nostres serrallers tenen experi\u00e8ncia en l&#8217;obertura de <strong>portes convencionals, blindades, cuirassades i met\u00e0l\u00b7liques<\/strong>, aix\u00ed com en sistemes electr\u00f2nics i intel\u00b7ligents. Utilitzem t\u00e8cniques avan\u00e7ades per evitar danys innecessaris i garantir un servei r\u00e0pid i eficient, independentment del tipus de pany o sistema de seguretat instal\u00b7lat.<\/p>\n<\/div><\/div><\/div><\/section>\n<section class='av_toggle_section av-m6rgdtgk-95bc03f9eacba5983bbcd3cfe6a885c8' ><div role=\"tablist\" class=\"single_toggle\" data-tags=\"{All} \"  ><h3 id='toggle-toggle-id-2' data-fake-id='#toggle-id-2' class='toggler  av-title-above '  role='tab' tabindex='0' aria-controls='toggle-id-2' data-slide-speed=\"200\" data-title=\"Puc sol\u00b7licitar una c\u00f2pia de claus d\u2019alta seguretat al vostre servei de serralleria?\" data-title-open=\"\" data-aria_collapsed=\"Click to expand: Puc sol\u00b7licitar una c\u00f2pia de claus d\u2019alta seguretat al vostre servei de serralleria?\" data-aria_expanded=\"Click to collapse: Puc sol\u00b7licitar una c\u00f2pia de claus d\u2019alta seguretat al vostre servei de serralleria?\">Puc sol\u00b7licitar una c\u00f2pia de claus d\u2019alta seguretat al vostre servei de serralleria?<span class=\"toggle_icon\"><span class=\"vert_icon\"><\/span><span class=\"hor_icon\"><\/span><\/span><\/h3><div id='toggle-id-2' aria-labelledby='toggle-toggle-id-2' role='region' class='toggle_wrap  av-title-above'  ><div class='toggle_content invers-color ' ><p>S\u00ed, realitzem <strong>c\u00f2pies de claus de seguretat<\/strong> per a panys amb protecci\u00f3 antibumping, claus amb codi i sistemes de tancament electr\u00f2nic. En alguns casos, es requereix una targeta de propietat per garantir la legalitat de la duplicaci\u00f3 i evitar l\u2019\u00fas no autoritzat de les claus.<\/p>\n<\/div><\/div><\/div><\/section>\n<section class='av_toggle_section av-m6rge79h-95b451d0468e1429945fb2086cc10305' ><div role=\"tablist\" class=\"single_toggle\" data-tags=\"{All} \"  ><h3 id='toggle-toggle-id-3' data-fake-id='#toggle-id-3' class='toggler  av-title-above '  role='tab' tabindex='0' aria-controls='toggle-id-3' data-slide-speed=\"200\" data-title=\"Oferiu instal\u00b7laci\u00f3 de panys intel\u00b7ligents al barri de Sant Mart\u00ed?\" data-title-open=\"\" data-aria_collapsed=\"Click to expand: Oferiu instal\u00b7laci\u00f3 de panys intel\u00b7ligents al barri de Sant Mart\u00ed?\" data-aria_expanded=\"Click to collapse: Oferiu instal\u00b7laci\u00f3 de panys intel\u00b7ligents al barri de Sant Mart\u00ed?\">Oferiu instal\u00b7laci\u00f3 de panys intel\u00b7ligents al barri de Sant Mart\u00ed?<span class=\"toggle_icon\"><span class=\"vert_icon\"><\/span><span class=\"hor_icon\"><\/span><\/span><\/h3><div id='toggle-id-3' aria-labelledby='toggle-toggle-id-3' role='region' class='toggle_wrap  av-title-above'  ><div class='toggle_content invers-color ' ><p>S\u00ed, instal\u00b7lem <strong>panys intel\u00b7ligents amb acc\u00e9s biom\u00e8tric, per codi o via Bluetooth\/WiFi<\/strong>, ideals per a habitatges, negocis i apartaments de lloguer tur\u00edstic. Aquests sistemes permeten gestionar l\u2019acc\u00e9s de manera remota i augmenten la seguretat sense necessitat d\u2019utilitzar claus f\u00edsiques.<\/p>\n<\/div><\/div><\/div><\/section>\n<section class='av_toggle_section av-m6rgej4c-d60eee5b95fbb3548187e64fb80454b0' ><div role=\"tablist\" class=\"single_toggle\" data-tags=\"{All} \"  ><h3 id='toggle-toggle-id-4' data-fake-id='#toggle-id-4' class='toggler  av-title-above '  role='tab' tabindex='0' aria-controls='toggle-id-4' data-slide-speed=\"200\" data-title=\"Com puc millorar la seguretat del meu habitatge o negoci a La Verneda i La Pau?\" data-title-open=\"\" data-aria_collapsed=\"Click to expand: Com puc millorar la seguretat del meu habitatge o negoci a La Verneda i La Pau?\" data-aria_expanded=\"Click to collapse: Com puc millorar la seguretat del meu habitatge o negoci a La Verneda i La Pau?\">Com puc millorar la seguretat del meu habitatge o negoci a La Verneda i La Pau?<span class=\"toggle_icon\"><span class=\"vert_icon\"><\/span><span class=\"hor_icon\"><\/span><\/span><\/h3><div id='toggle-id-4' aria-labelledby='toggle-toggle-id-4' role='region' class='toggle_wrap  av-title-above'  ><div class='toggle_content invers-color ' ><p>Per millorar la seguretat, recomanem <strong>panys antibumping, escuts protectors de bomb\u00ed, barres de seguretat per a portes i reixes per a finestres o accessos vulnerables<\/strong>. Tamb\u00e9 oferim assessorament personalitzat per identificar punts febles i implementar les millors solucions per protegir el teu espai.<\/p>\n<\/div><\/div><\/div><\/section>\n<section class='av_toggle_section av-m6rgex78-107a3ea4c55423e21d96d36814b96339' ><div role=\"tablist\" class=\"single_toggle\" data-tags=\"{All} \"  ><h3 id='toggle-toggle-id-5' data-fake-id='#toggle-id-5' class='toggler  av-title-above '  role='tab' tabindex='0' aria-controls='toggle-id-5' data-slide-speed=\"200\" data-title=\"Oferiu servei de serralleria per a persianes met\u00e0l\u00b7liques a Sant Mart\u00ed?\" data-title-open=\"\" data-aria_collapsed=\"Click to expand: Oferiu servei de serralleria per a persianes met\u00e0l\u00b7liques a Sant Mart\u00ed?\" data-aria_expanded=\"Click to collapse: Oferiu servei de serralleria per a persianes met\u00e0l\u00b7liques a Sant Mart\u00ed?\">Oferiu servei de serralleria per a persianes met\u00e0l\u00b7liques a Sant Mart\u00ed?<span class=\"toggle_icon\"><span class=\"vert_icon\"><\/span><span class=\"hor_icon\"><\/span><\/span><\/h3><div id='toggle-id-5' aria-labelledby='toggle-toggle-id-5' role='region' class='toggle_wrap  av-title-above'  ><div class='toggle_content invers-color ' ><p>S\u00ed, reparem i instal\u00b7lem <strong>persianes met\u00e0l\u00b7liques manuals i autom\u00e0tiques<\/strong> per a locals comercials i garatges. Si tens una persiana encallada, un motor espatllat o necessites refor\u00e7ar la seguretat del teu negoci, t\u2019oferim solucions eficients i duradores per garantir el correcte funcionament del sistema.<\/p>\n<\/div><\/div><\/div><\/section>\n<section class='av_toggle_section av-m6rgfih0-cf614446935b3a2d4fb397d415959a78' ><div role=\"tablist\" class=\"single_toggle\" data-tags=\"{All} \"  ><h3 id='toggle-toggle-id-6' data-fake-id='#toggle-id-6' class='toggler  av-title-above '  role='tab' tabindex='0' aria-controls='toggle-id-6' data-slide-speed=\"200\" data-title=\"Puc demanar un pressupost sense comprom\u00eds per un servei de serralleria?\" data-title-open=\"\" data-aria_collapsed=\"Click to expand: Puc demanar un pressupost sense comprom\u00eds per un servei de serralleria?\" data-aria_expanded=\"Click to collapse: Puc demanar un pressupost sense comprom\u00eds per un servei de serralleria?\">Puc demanar un pressupost sense comprom\u00eds per un servei de serralleria?<span class=\"toggle_icon\"><span class=\"vert_icon\"><\/span><span class=\"hor_icon\"><\/span><\/span><\/h3><div id='toggle-id-6' aria-labelledby='toggle-toggle-id-6' role='region' class='toggle_wrap  av-title-above'  ><div class='toggle_content invers-color ' ><p>S\u00ed, oferim <strong>pressupostos gratu\u00efts i sense comprom\u00eds<\/strong> per a qualsevol servei de serralleria al barri de Sant Mart\u00ed &#8211; La Verneda i La Pau. Pots contactar amb nosaltres per tel\u00e8fon o WhatsApp, i t\u2019assessorarem sobre la millor opci\u00f3 segons les teves necessitats i pressupost.<\/p>\n<\/div><\/div><\/div><\/section>\n<\/div><\/p><\/div>\n<style type=\"text\/css\" data-created_by=\"avia_inline_auto\" id=\"style-css-av-7yv47c-d0c1b902c18abdde6265a059c7b779ef\">\n.flex_column.av-7yv47c-d0c1b902c18abdde6265a059c7b779ef{\nborder-radius:0px 0px 0px 0px;\npadding:0px 0px 0px 0px;\n}\n<\/style>\n<div  class='flex_column av-7yv47c-d0c1b902c18abdde6265a059c7b779ef av_two_fifth  avia-builder-el-6  el_after_av_three_fifth  avia-builder-el-last  flex_column_div av-zero-column-padding  '     ><p>\n<style type=\"text\/css\" data-created_by=\"avia_inline_auto\" id=\"style-css-av-5587iw-bfc5c1d4ae1fc5f49a5ebc8d8c2c33f4\">\n#top .av-special-heading.av-5587iw-bfc5c1d4ae1fc5f49a5ebc8d8c2c33f4{\npadding-bottom:10px;\ncolor:#000000;\n}\nbody .av-special-heading.av-5587iw-bfc5c1d4ae1fc5f49a5ebc8d8c2c33f4 .av-special-heading-tag .heading-char{\nfont-size:25px;\n}\n.av-special-heading.av-5587iw-bfc5c1d4ae1fc5f49a5ebc8d8c2c33f4 .special-heading-inner-border{\nborder-color:#000000;\n}\n.av-special-heading.av-5587iw-bfc5c1d4ae1fc5f49a5ebc8d8c2c33f4 .av-subheading{\nfont-size:15px;\n}\n<\/style>\n<div  class='av-special-heading av-5587iw-bfc5c1d4ae1fc5f49a5ebc8d8c2c33f4 av-special-heading-h3 custom-color-heading blockquote modern-quote  avia-builder-el-7  el_before_av_hr  avia-builder-el-first  av-linked-heading'><h3 class='av-special-heading-tag '  >Pressupost a l\u2019instant gratu\u00eft<\/h3><div class=\"special-heading-border\"><div class=\"special-heading-inner-border\"><\/div><\/div><\/div><br \/>\n\n<style type=\"text\/css\" data-created_by=\"avia_inline_auto\" id=\"style-css-av-4ewmvc-d742c12afc6a87d140dd6492c1b9ae3b\">\n#top .hr.av-4ewmvc-d742c12afc6a87d140dd6492c1b9ae3b{\nmargin-top:10px;\nmargin-bottom:10px;\n}\n.hr.av-4ewmvc-d742c12afc6a87d140dd6492c1b9ae3b .hr-inner{\nwidth:50px;\nborder-color:#b02b2c;\n}\n<\/style>\n<div  class='hr av-4ewmvc-d742c12afc6a87d140dd6492c1b9ae3b hr-custom  avia-builder-el-8  el_after_av_heading  el_before_av_textblock  hr-left hr-icon-no'><span class='hr-inner inner-border-av-border-thin'><span class=\"hr-inner-style\"><\/span><\/span><\/div><br \/>\n<section  class='av_textblock_section av-3847mg-60ae868cb7bd2fc946c9e5ab779962b2 '  ><div class='avia_textblock' ><div><a href=\"tel: +34933238507\">933 238 507<\/a> &#8211; 24H<br \/>\n<a href=\"tel: +34629587022\">629 58 70 22<\/a> &#8211; 24H<\/div>\n<\/div><\/section><\/p><\/div><\/p>\n","protected":false},"excerpt":{"rendered":"<p>Prestem servei de serralleria a Sant Mart\u00ed \/ La Verneda i la Pau. Posem a la vostra disposici\u00f3 un many\u00e0 a Sant Mart\u00ed \/ La Verneda i la Pau per la uni\u00f3 de Serrallers de Seguretat d&#8217;Espanya (UCES), en un temps record.<\/p>\n","protected":false},"author":2,"featured_media":1963,"parent":1700,"menu_order":0,"comment_status":"closed","ping_status":"closed","template":"","meta":{"footnotes":""},"class_list":["post-1960","page","type-page","status-publish","has-post-thumbnail","hentry"],"yoast_head":"<!-- This site is optimized with the Yoast SEO plugin v26.6 - https:\/\/yoast.com\/wordpress\/plugins\/seo\/ -->\n<title>Serraller Sant Mart\u00ed Barcelona - Serralleria Sant Mart\u00ed<\/title>\n<meta name=\"description\" content=\"Necessita un many\u00e0 urgent a Serraller Sant Mart\u00ed a la seva zona? Contacti amb nosaltres. Experts en seguretat residencial, servei urgent 24h.\" \/>\n<meta name=\"robots\" content=\"index, follow, max-snippet:-1, max-image-preview:large, max-video-preview:-1\" \/>\n<link rel=\"canonical\" href=\"https:\/\/cerrajerosenbarcelona.co\/ca\/barris\/serraller-sant-marti-la-verneda-i-la-pau\" \/>\n<meta property=\"og:locale\" content=\"ca_ES\" \/>\n<meta property=\"og:type\" content=\"article\" \/>\n<meta property=\"og:title\" content=\"Serraller Sant Mart\u00ed Barcelona - Serralleria Sant Mart\u00ed\" \/>\n<meta property=\"og:description\" content=\"Necessita un many\u00e0 urgent a Serraller Sant Mart\u00ed a la seva zona? Contacti amb nosaltres. Experts en seguretat residencial, servei urgent 24h.\" \/>\n<meta property=\"og:url\" content=\"https:\/\/cerrajerosenbarcelona.co\/ca\/barris\/serraller-sant-marti-la-verneda-i-la-pau\" \/>\n<meta property=\"og:site_name\" content=\"Cerrajer\u00eda\" \/>\n<meta property=\"article:modified_time\" content=\"2025-02-05T05:14:57+00:00\" \/>\n<meta property=\"og:image\" content=\"http:\/\/cerrajerosenbarcelona.co\/wp-content\/uploads\/2024\/04\/Serraller-Sant-Marti-La-Verneda-i-la-Pau.jpg\" \/>\n\t<meta property=\"og:image:width\" content=\"800\" \/>\n\t<meta property=\"og:image:height\" content=\"800\" \/>\n\t<meta property=\"og:image:type\" content=\"image\/jpeg\" \/>\n<meta name=\"twitter:card\" content=\"summary_large_image\" \/>\n<meta name=\"twitter:label1\" content=\"Temps estimat de lectura\" \/>\n\t<meta name=\"twitter:data1\" content=\"5 minuts\" \/>\n<script type=\"application\/ld+json\" class=\"yoast-schema-graph\">{\"@context\":\"https:\/\/schema.org\",\"@graph\":[{\"@type\":\"WebPage\",\"@id\":\"https:\/\/cerrajerosenbarcelona.co\/ca\/barris\/serraller-sant-marti-la-verneda-i-la-pau\",\"url\":\"https:\/\/cerrajerosenbarcelona.co\/ca\/barris\/serraller-sant-marti-la-verneda-i-la-pau\",\"name\":\"Serraller Sant Mart\u00ed Barcelona - Serralleria Sant Mart\u00ed\",\"isPartOf\":{\"@id\":\"https:\/\/cerrajerosenbarcelona.co\/#website\"},\"primaryImageOfPage\":{\"@id\":\"https:\/\/cerrajerosenbarcelona.co\/ca\/barris\/serraller-sant-marti-la-verneda-i-la-pau#primaryimage\"},\"image\":{\"@id\":\"https:\/\/cerrajerosenbarcelona.co\/ca\/barris\/serraller-sant-marti-la-verneda-i-la-pau#primaryimage\"},\"thumbnailUrl\":\"https:\/\/cerrajerosenbarcelona.co\/wp-content\/uploads\/2024\/04\/Serraller-Sant-Marti-La-Verneda-i-la-Pau.jpg\",\"datePublished\":\"2024-04-06T07:59:42+00:00\",\"dateModified\":\"2025-02-05T05:14:57+00:00\",\"description\":\"Necessita un many\u00e0 urgent a Serraller Sant Mart\u00ed a la seva zona? Contacti amb nosaltres. Experts en seguretat residencial, servei urgent 24h.\",\"breadcrumb\":{\"@id\":\"https:\/\/cerrajerosenbarcelona.co\/ca\/barris\/serraller-sant-marti-la-verneda-i-la-pau#breadcrumb\"},\"inLanguage\":\"ca\",\"potentialAction\":[{\"@type\":\"ReadAction\",\"target\":[\"https:\/\/cerrajerosenbarcelona.co\/ca\/barris\/serraller-sant-marti-la-verneda-i-la-pau\"]}]},{\"@type\":\"ImageObject\",\"inLanguage\":\"ca\",\"@id\":\"https:\/\/cerrajerosenbarcelona.co\/ca\/barris\/serraller-sant-marti-la-verneda-i-la-pau#primaryimage\",\"url\":\"https:\/\/cerrajerosenbarcelona.co\/wp-content\/uploads\/2024\/04\/Serraller-Sant-Marti-La-Verneda-i-la-Pau.jpg\",\"contentUrl\":\"https:\/\/cerrajerosenbarcelona.co\/wp-content\/uploads\/2024\/04\/Serraller-Sant-Marti-La-Verneda-i-la-Pau.jpg\",\"width\":800,\"height\":800,\"caption\":\"Serraller Sant Mart\u00ed La Verneda i la Pau\"},{\"@type\":\"BreadcrumbList\",\"@id\":\"https:\/\/cerrajerosenbarcelona.co\/ca\/barris\/serraller-sant-marti-la-verneda-i-la-pau#breadcrumb\",\"itemListElement\":[{\"@type\":\"ListItem\",\"position\":1,\"name\":\"Portada\",\"item\":\"https:\/\/cerrajerosenbarcelona.co\/ca\"},{\"@type\":\"ListItem\",\"position\":2,\"name\":\"barris\",\"item\":\"https:\/\/cerrajerosenbarcelona.co\/ca\/barris\"},{\"@type\":\"ListItem\",\"position\":3,\"name\":\"Serraller Sant Mart\u00ed \/ La Verneda i la Pau\"}]},{\"@type\":\"WebSite\",\"@id\":\"https:\/\/cerrajerosenbarcelona.co\/#website\",\"url\":\"https:\/\/cerrajerosenbarcelona.co\/\",\"name\":\"Cerrajer\u00eda\",\"description\":\"Otro sitio realizado con WordPress\",\"publisher\":{\"@id\":\"https:\/\/cerrajerosenbarcelona.co\/#organization\"},\"potentialAction\":[{\"@type\":\"SearchAction\",\"target\":{\"@type\":\"EntryPoint\",\"urlTemplate\":\"https:\/\/cerrajerosenbarcelona.co\/?s={search_term_string}\"},\"query-input\":{\"@type\":\"PropertyValueSpecification\",\"valueRequired\":true,\"valueName\":\"search_term_string\"}}],\"inLanguage\":\"ca\"},{\"@type\":\"Organization\",\"@id\":\"https:\/\/cerrajerosenbarcelona.co\/#organization\",\"name\":\"Cerrajer\u00eda TDA Barcelona\",\"url\":\"https:\/\/cerrajerosenbarcelona.co\/\",\"logo\":{\"@type\":\"ImageObject\",\"inLanguage\":\"ca\",\"@id\":\"https:\/\/cerrajerosenbarcelona.co\/#\/schema\/logo\/image\/\",\"url\":\"https:\/\/cerrajerosenbarcelona.co\/wp-content\/uploads\/2019\/11\/cerrajeria-tda-barcelona-logo-2.png\",\"contentUrl\":\"https:\/\/cerrajerosenbarcelona.co\/wp-content\/uploads\/2019\/11\/cerrajeria-tda-barcelona-logo-2.png\",\"width\":332,\"height\":98,\"caption\":\"Cerrajer\u00eda TDA Barcelona\"},\"image\":{\"@id\":\"https:\/\/cerrajerosenbarcelona.co\/#\/schema\/logo\/image\/\"}}]}<\/script>\n<!-- \/ Yoast SEO plugin. -->","yoast_head_json":{"title":"Serraller Sant Mart\u00ed Barcelona - Serralleria Sant Mart\u00ed","description":"Necessita un many\u00e0 urgent a Serraller Sant Mart\u00ed a la seva zona? Contacti amb nosaltres. Experts en seguretat residencial, servei urgent 24h.","robots":{"index":"index","follow":"follow","max-snippet":"max-snippet:-1","max-image-preview":"max-image-preview:large","max-video-preview":"max-video-preview:-1"},"canonical":"https:\/\/cerrajerosenbarcelona.co\/ca\/barris\/serraller-sant-marti-la-verneda-i-la-pau","og_locale":"ca_ES","og_type":"article","og_title":"Serraller Sant Mart\u00ed Barcelona - Serralleria Sant Mart\u00ed","og_description":"Necessita un many\u00e0 urgent a Serraller Sant Mart\u00ed a la seva zona? Contacti amb nosaltres. Experts en seguretat residencial, servei urgent 24h.","og_url":"https:\/\/cerrajerosenbarcelona.co\/ca\/barris\/serraller-sant-marti-la-verneda-i-la-pau","og_site_name":"Cerrajer\u00eda","article_modified_time":"2025-02-05T05:14:57+00:00","og_image":[{"width":800,"height":800,"url":"http:\/\/cerrajerosenbarcelona.co\/wp-content\/uploads\/2024\/04\/Serraller-Sant-Marti-La-Verneda-i-la-Pau.jpg","type":"image\/jpeg"}],"twitter_card":"summary_large_image","twitter_misc":{"Temps estimat de lectura":"5 minuts"},"schema":{"@context":"https:\/\/schema.org","@graph":[{"@type":"WebPage","@id":"https:\/\/cerrajerosenbarcelona.co\/ca\/barris\/serraller-sant-marti-la-verneda-i-la-pau","url":"https:\/\/cerrajerosenbarcelona.co\/ca\/barris\/serraller-sant-marti-la-verneda-i-la-pau","name":"Serraller Sant Mart\u00ed Barcelona - Serralleria Sant Mart\u00ed","isPartOf":{"@id":"https:\/\/cerrajerosenbarcelona.co\/#website"},"primaryImageOfPage":{"@id":"https:\/\/cerrajerosenbarcelona.co\/ca\/barris\/serraller-sant-marti-la-verneda-i-la-pau#primaryimage"},"image":{"@id":"https:\/\/cerrajerosenbarcelona.co\/ca\/barris\/serraller-sant-marti-la-verneda-i-la-pau#primaryimage"},"thumbnailUrl":"https:\/\/cerrajerosenbarcelona.co\/wp-content\/uploads\/2024\/04\/Serraller-Sant-Marti-La-Verneda-i-la-Pau.jpg","datePublished":"2024-04-06T07:59:42+00:00","dateModified":"2025-02-05T05:14:57+00:00","description":"Necessita un many\u00e0 urgent a Serraller Sant Mart\u00ed a la seva zona? Contacti amb nosaltres. Experts en seguretat residencial, servei urgent 24h.","breadcrumb":{"@id":"https:\/\/cerrajerosenbarcelona.co\/ca\/barris\/serraller-sant-marti-la-verneda-i-la-pau#breadcrumb"},"inLanguage":"ca","potentialAction":[{"@type":"ReadAction","target":["https:\/\/cerrajerosenbarcelona.co\/ca\/barris\/serraller-sant-marti-la-verneda-i-la-pau"]}]},{"@type":"ImageObject","inLanguage":"ca","@id":"https:\/\/cerrajerosenbarcelona.co\/ca\/barris\/serraller-sant-marti-la-verneda-i-la-pau#primaryimage","url":"https:\/\/cerrajerosenbarcelona.co\/wp-content\/uploads\/2024\/04\/Serraller-Sant-Marti-La-Verneda-i-la-Pau.jpg","contentUrl":"https:\/\/cerrajerosenbarcelona.co\/wp-content\/uploads\/2024\/04\/Serraller-Sant-Marti-La-Verneda-i-la-Pau.jpg","width":800,"height":800,"caption":"Serraller Sant Mart\u00ed La Verneda i la Pau"},{"@type":"BreadcrumbList","@id":"https:\/\/cerrajerosenbarcelona.co\/ca\/barris\/serraller-sant-marti-la-verneda-i-la-pau#breadcrumb","itemListElement":[{"@type":"ListItem","position":1,"name":"Portada","item":"https:\/\/cerrajerosenbarcelona.co\/ca"},{"@type":"ListItem","position":2,"name":"barris","item":"https:\/\/cerrajerosenbarcelona.co\/ca\/barris"},{"@type":"ListItem","position":3,"name":"Serraller Sant Mart\u00ed \/ La Verneda i la Pau"}]},{"@type":"WebSite","@id":"https:\/\/cerrajerosenbarcelona.co\/#website","url":"https:\/\/cerrajerosenbarcelona.co\/","name":"Cerrajer\u00eda","description":"Otro sitio realizado con WordPress","publisher":{"@id":"https:\/\/cerrajerosenbarcelona.co\/#organization"},"potentialAction":[{"@type":"SearchAction","target":{"@type":"EntryPoint","urlTemplate":"https:\/\/cerrajerosenbarcelona.co\/?s={search_term_string}"},"query-input":{"@type":"PropertyValueSpecification","valueRequired":true,"valueName":"search_term_string"}}],"inLanguage":"ca"},{"@type":"Organization","@id":"https:\/\/cerrajerosenbarcelona.co\/#organization","name":"Cerrajer\u00eda TDA Barcelona","url":"https:\/\/cerrajerosenbarcelona.co\/","logo":{"@type":"ImageObject","inLanguage":"ca","@id":"https:\/\/cerrajerosenbarcelona.co\/#\/schema\/logo\/image\/","url":"https:\/\/cerrajerosenbarcelona.co\/wp-content\/uploads\/2019\/11\/cerrajeria-tda-barcelona-logo-2.png","contentUrl":"https:\/\/cerrajerosenbarcelona.co\/wp-content\/uploads\/2019\/11\/cerrajeria-tda-barcelona-logo-2.png","width":332,"height":98,"caption":"Cerrajer\u00eda TDA Barcelona"},"image":{"@id":"https:\/\/cerrajerosenbarcelona.co\/#\/schema\/logo\/image\/"}}]}},"_links":{"self":[{"href":"https:\/\/cerrajerosenbarcelona.co\/ca\/wp-json\/wp\/v2\/pages\/1960","targetHints":{"allow":["GET"]}}],"collection":[{"href":"https:\/\/cerrajerosenbarcelona.co\/ca\/wp-json\/wp\/v2\/pages"}],"about":[{"href":"https:\/\/cerrajerosenbarcelona.co\/ca\/wp-json\/wp\/v2\/types\/page"}],"author":[{"embeddable":true,"href":"https:\/\/cerrajerosenbarcelona.co\/ca\/wp-json\/wp\/v2\/users\/2"}],"replies":[{"embeddable":true,"href":"https:\/\/cerrajerosenbarcelona.co\/ca\/wp-json\/wp\/v2\/comments?post=1960"}],"version-history":[{"count":3,"href":"https:\/\/cerrajerosenbarcelona.co\/ca\/wp-json\/wp\/v2\/pages\/1960\/revisions"}],"predecessor-version":[{"id":2226,"href":"https:\/\/cerrajerosenbarcelona.co\/ca\/wp-json\/wp\/v2\/pages\/1960\/revisions\/2226"}],"up":[{"embeddable":true,"href":"https:\/\/cerrajerosenbarcelona.co\/ca\/wp-json\/wp\/v2\/pages\/1700"}],"wp:featuredmedia":[{"embeddable":true,"href":"https:\/\/cerrajerosenbarcelona.co\/ca\/wp-json\/wp\/v2\/media\/1963"}],"wp:attachment":[{"href":"https:\/\/cerrajerosenbarcelona.co\/ca\/wp-json\/wp\/v2\/media?parent=1960"}],"curies":[{"name":"wp","href":"https:\/\/api.w.org\/{rel}","templated":true}]}}