{"id":2108,"date":"2024-07-16T16:52:31","date_gmt":"2024-07-16T14:52:31","guid":{"rendered":"https:\/\/cerrajerosenbarcelona.co\/?page_id=2108"},"modified":"2025-06-03T06:11:22","modified_gmt":"2025-06-03T04:11:22","slug":"serraller-el-prat-de-llobregat","status":"publish","type":"page","link":"https:\/\/cerrajerosenbarcelona.co\/ca\/poblacions\/serraller-el-prat-de-llobregat","title":{"rendered":"Serraller El Prat de Llobregat"},"content":{"rendered":"\n<style type=\"text\/css\" data-created_by=\"avia_inline_auto\" id=\"style-css-av-ailsx8-29064f4019e39b737357b936f513e121\">\n.avia-section.av-ailsx8-29064f4019e39b737357b936f513e121{\nbackground-color:#000000;\nbackground-image:unset;\n}\n.avia-section.av-ailsx8-29064f4019e39b737357b936f513e121 .av-extra-border-element .av-extra-border-inner{\nbackground-color:#000000;\n}\n<\/style>\n<div id='av_section_1'  class='avia-section av-ailsx8-29064f4019e39b737357b936f513e121 main_color avia-section-large avia-no-border-styling  avia-builder-el-0  el_before_av_three_fifth  avia-builder-el-first  avia-bg-style-scroll av-arrow-down-section container_wrap fullsize'  ><div class='container av-section-cont-open' ><main  class='template-page content  av-content-full alpha units'><div class='post-entry post-entry-type-page post-entry-2108'><div class='entry-content-wrapper clearfix'>\n\n<style type=\"text\/css\" data-created_by=\"avia_inline_auto\" id=\"style-css-av-lyoiq8fp-7ae172c6beec912d18449130db5b2144\">\n#top .av-special-heading.av-lyoiq8fp-7ae172c6beec912d18449130db5b2144{\npadding-bottom:10px;\ncolor:#ffffff;\n}\nbody .av-special-heading.av-lyoiq8fp-7ae172c6beec912d18449130db5b2144 .av-special-heading-tag .heading-char{\nfont-size:25px;\n}\n.av-special-heading.av-lyoiq8fp-7ae172c6beec912d18449130db5b2144 .special-heading-inner-border{\nborder-color:#ffffff;\n}\n.av-special-heading.av-lyoiq8fp-7ae172c6beec912d18449130db5b2144 .av-subheading{\nfont-size:15px;\n}\n<\/style>\n<div  class='av-special-heading av-lyoiq8fp-7ae172c6beec912d18449130db5b2144 av-special-heading-h1 custom-color-heading blockquote modern-quote modern-centered  avia-builder-el-1  avia-builder-el-no-sibling  av-linked-heading'><h1 class='av-special-heading-tag '  >Serraller El Prat de Llobregat<\/h1><div class=\"special-heading-border\"><div class=\"special-heading-inner-border\"><\/div><\/div><\/div>\n<\/div><\/div><\/main><!-- close content main element --><\/div><div class='av-extra-border-element border-extra-arrow-down'><div class='av-extra-border-outer'><div class='av-extra-border-inner'><\/div><\/div><\/div><\/div><div id='after_section_1'  class='main_color av_default_container_wrap container_wrap fullsize'  ><div class='container av-section-cont-open' ><div class='template-page content  av-content-full alpha units'><div class='post-entry post-entry-type-page post-entry-2108'><div class='entry-content-wrapper clearfix'>\n\n<style type=\"text\/css\" data-created_by=\"avia_inline_auto\" id=\"style-css-av-90w2q4-13220c4481c900b65b25c4948b4f4c5d\">\n.flex_column.av-90w2q4-13220c4481c900b65b25c4948b4f4c5d{\nborder-radius:0px 0px 0px 0px;\npadding:0px 0px 0px 0px;\n}\n<\/style>\n<div  class='flex_column av-90w2q4-13220c4481c900b65b25c4948b4f4c5d av_three_fifth  avia-builder-el-2  el_after_av_section  el_before_av_two_fifth  avia-builder-el-first  first flex_column_div av-zero-column-padding  '     ><p><section  class='av_textblock_section av-lyoiqhfj-23637eeb6dc97034f339c92f97838bc2 '  ><div class='avia_textblock' ><p>Prestem servei de <strong>serralleria El Prat de Llobregat<\/strong> i t&#8217;assessorarem en all\u00f2 que necessita. Tenim els millors experts en persiana, pany, cilindre o dispositiu de seguretat.<\/p>\n<p>El teu local de vegades no est\u00e0 degudament protegit, per aquest motiu us assessorarem sobre el tancament que necessites per a la teva persiana met\u00e0l\u00b7lica, compost de: cap\u00e7al, got, fonamentaci\u00f3 i models: BILMA, CASES, LYF, TOY, etc.<\/p>\n<p><!--more--><\/p>\n<p><img loading=\"lazy\" decoding=\"async\" class=\"aligncenter wp-image-1233 size-full\" src=\"http:\/\/cerrajerosenbarcelona.co\/wp-content\/uploads\/2021\/06\/cerrajero-acreditado-uces-barcelona.jpg\" alt=\"Serraller El Prat de Llobregat\" width=\"1663\" height=\"383\" srcset=\"https:\/\/cerrajerosenbarcelona.co\/wp-content\/uploads\/2021\/06\/cerrajero-acreditado-uces-barcelona.jpg 1663w, https:\/\/cerrajerosenbarcelona.co\/wp-content\/uploads\/2021\/06\/cerrajero-acreditado-uces-barcelona-300x69.jpg 300w, https:\/\/cerrajerosenbarcelona.co\/wp-content\/uploads\/2021\/06\/cerrajero-acreditado-uces-barcelona-1030x237.jpg 1030w, https:\/\/cerrajerosenbarcelona.co\/wp-content\/uploads\/2021\/06\/cerrajero-acreditado-uces-barcelona-768x177.jpg 768w, https:\/\/cerrajerosenbarcelona.co\/wp-content\/uploads\/2021\/06\/cerrajero-acreditado-uces-barcelona-1536x354.jpg 1536w, https:\/\/cerrajerosenbarcelona.co\/wp-content\/uploads\/2021\/06\/cerrajero-acreditado-uces-barcelona-1500x345.jpg 1500w, https:\/\/cerrajerosenbarcelona.co\/wp-content\/uploads\/2021\/06\/cerrajero-acreditado-uces-barcelona-705x162.jpg 705w, https:\/\/cerrajerosenbarcelona.co\/wp-content\/uploads\/2021\/06\/cerrajero-acreditado-uces-barcelona-450x104.jpg 450w\" sizes=\"auto, (max-width: 1663px) 100vw, 1663px\" \/><\/p>\n<p>A Serralleria TDA realitzem tamb\u00e9 obertura pany b\u00fastia, arranjament de marc, obertura de porta basculant, arreglar persiana, canviar pany b\u00fastia, etc.<\/p>\n<p>Els nostres <strong>serrallers El Prat de Llobregat<\/strong> s\u00f3n experts en tot tipus panys. Panys de Sobreposar alta gamma, disposem de panys de sobreposar de tots els models i marques existents en alta seguretat, pregunta&#8217;ns i nosaltres us aconsellarem de quin \u00e9s el pany m\u00e9s apropiat.<\/p>\n<p>Entreu en contacte amb nosaltres que us enviarem un professional el m\u00e9s aviat possible. T&#8217;assessorar\u00e0 que en all\u00f2 que necessiti. Pressupost gratu\u00eft sense comprom\u00eds.<\/p>\n<p>Els nostres serveis de serralleria:<\/p>\n<p>\u2013 <strong>canviar pany INCECA<\/strong><br \/>\n\u2013 arreglar cilindre<br \/>\n<strong>\u2013 obrir pany El Prat de Llobregat<\/strong><br \/>\n&#8211; maneta per a finestra d&#8217;alumini<br \/>\n<strong>\u2013 canvi pany El Prat de Llobregat<\/strong><br \/>\n\u2013 poms i manetes<br \/>\n<strong>\u2013 canvi pany LINCE<\/strong><br \/>\n\u2013 porta de ferro autom\u00e0tica<br \/>\n<strong>\u2013 serrallers El Ptat de Llobregat<\/strong><br \/>\n\u2013 restauraci\u00f3 de marc per robatori<br \/>\n<strong>\u2013 canviar pany El Prat de Llobregat<\/strong><br \/>\n\u2013 canvi bomb\u00ed<br \/>\n<strong>\u2013 obrir pany FICHET<\/strong><\/p>\n<h2>DISPOSITIU DE SEGURETAT TANCADORS EL PRAT DE LLOBREGAT<\/h2>\n<p>Els nostres <strong>serrallers El Prat de Llobregat<\/strong> s\u00f3n experts en qualsevol tipus de dispositiu de seguretat. Et donarem qualsevol informaci\u00f3 que desitges per tenir m\u00e9s seguretat a casa teva o local de treball.<\/p>\n<p>Els nostres clients poden trobar als nostres serveis d&#8217;instal\u00b7laci\u00f3 de dispositius de seguretat que els que el realitzen s\u00f3n professionals, ja que la instal\u00b7laci\u00f3 s&#8217;ha de realitzar amb molta cura, ja que en tenir components de serralleria, ferreteria i ebenisteria, ho ha de realitzar un <strong>serraller El Prat de Llobregat<\/strong> certificat.<\/p>\n<p>Si est\u00e0s buscant una resposta davant la necessitat de seguretat a la teva persiana o porta, ets al lloc correcte, portem m\u00e9s de vint anys brindant el servei de serralleria El Prat de Llobregat i Prov\u00edncia, per la qual cosa pots confiar en nosaltres.<\/p>\n<p>Aquests anys han estat molt valuosos per als nostres clients, hem portat la tranquil\u00b7litat a milers de llars, hem fet que els empresaris puguin dedicar-se a all\u00f2 que els aporta ingressos, mentre que amb els nostres productes i serveis els brindem la seguretat perqu\u00e8 les seves empreses puguin prosperar , sense atacs vand\u00e0lics o evitant que aquests es realitzin.<\/p>\n<p>Pots trucar-nos en qualsevol moment, perqu\u00e8 aix\u00ed puguem atendre&#8217;t o enviar-te a un dels nostres serrallers Barcelona, \u200b\u200bcapacitat d&#8217;acord amb la necessitat o urg\u00e8ncia que tinguis quant als dispositius de seguretat.<\/p>\n<p>Busquem donar soluci\u00f3 sempre a les necessitats que tingueu, des d&#8217;una obertura urgent o concertada fins a la instal\u00b7laci\u00f3 de sistemes complets de seguretat general.<\/p>\n<p>I fins i tot sistemes desenvolupats amb aplicacions de dom\u00f2tica, que consisteix en una s\u00e8rie de t\u00e8cniques enfocades a automatitzar un habitatge o empresa, cercant l&#8217;efici\u00e8ncia quant als sistemes de seguretat, estalvi d&#8217;energia, procurant benestar als nostres clients i millorant els sistemes de comunicacions .<\/p>\n<p>Un exemple s\u00f3n les persianes que tenen sistemes d&#8217;alarmes, amb un dispositiu de seguretat comunicat amb la policia, i c\u00e0meres de v\u00eddeo vigil\u00e0ncia, que porten informaci\u00f3 directa als m\u00f2bils o ordinadors dels clients.<\/p>\n<p>Som especialistes en donar soluci\u00f3 a les necessitats dels qui ens truquen, tenim professionals en totes les l\u00ednies de la serralleria, per la qual cosa sempre donem un servei professional a la instal\u00b7laci\u00f3 de qualsevol dispositiu de seguretat.<\/p>\n<p>Entri en contacte amb nosaltres que tenim professionals amb any d&#8217;experi\u00e8ncia en aquest sector que resoldr\u00e0s qualsevol problema que tinguis amb la porta, pany, cilindre, etc.<\/p>\n<h2>RESTAURACI\u00d3 DE MARC I PORTA TANCADORS EL PRAT DE LLOBREGAT<\/h2>\n<p>Som professionals que fan treballs de fusteria i reparaci\u00f3 de porta o marcs i disposem de personal per reparar la porta de casa teva o despatx en el cas que per raons de robatoris aix\u00ed ho requereixi.<\/p>\n<p>Si necessiteu un many\u00e0 El Prat de Llobregat per restaurar la vostra porta o marc estem en un temps molt breu a prop vostre per assessorar-vos sobre el que podem realitzar de manera r\u00e0pida, efica\u00e7 i amb total garantia.<\/p>\n<p>Dins de 30-50 minuts estaran amb el material que necessita, perqu\u00e8 el marc que li han arrencat per robatori torni a la seva normalitat, comptem professionals que s\u00f3n fusters t\u00e8cnics que deixessin reparat el desperfecte ocasionat de forma immediata.<\/p>\n<p>Nosaltres t&#8217;assessorarem sobre les necessitats m\u00e9s vitals en mat\u00e8ria de seguretat com: blindatges, frontisses antipalanques, perfils de seguretat i pintura i envernissat de portes.<\/p>\n<p>I si necessita un <a href=\"https:\/\/cerrajerosenbarcelona.co\/ca\">many\u00e0 Barcelona<\/a> per obertura de porta, canviar pany, obrir caixa forta, obrir cadenat, etc. No dubtis d\u00b4entrar en contacte que t\u00b4enviarem un professional m\u00e9s r\u00e0pid possible.<\/p>\n<p>A m\u00e9s t&#8217;aconsellarem quin \u00e9s el millor pany per al tipus de porta tractada i si es requereix millores en seguretat.<\/p>\n<p>Obrim i canviem qualsevol tipus de panys i de qualsevol marca. Demana pressupost sense comprom\u00eds. T&#8217;assessorem quin \u00e9s el millor pany per a la teva porta.<\/p>\n<p>Et donarem pressupost a l&#8217;instant sense cap comprom\u00eds. Estem a la teva disposici\u00f3 a les 24 hores per resoldre qualsevol problema que tinguis amb la porta.<\/p>\n<\/div><\/section><br \/>\n\n<style type=\"text\/css\" data-created_by=\"avia_inline_auto\" id=\"style-css-av-lyoiqzg9-939a947cd93bd93588deb542dfd581c3\">\n.av_promobox.av-lyoiqzg9-939a947cd93bd93588deb542dfd581c3{\ncolor:#ffffff;\nbackground:#000000;\nborder-color:#af0000;\n}\n<\/style>\n<div  class='av_promobox av-lyoiqzg9-939a947cd93bd93588deb542dfd581c3 avia-button-yes  avia-builder-el-4  el_after_av_textblock  el_before_av_toggle_container '><div class='avia-promocontent'><\/p>\n<p style=\"text-align: center;\">Necessita un many\u00e0 urgent a <span data-sheets-root=\"1\" data-sheets-value=\"{\" data-sheets-userformat=\"{\">El Prat de Llobregat<\/span> a la seva zona? Contacti amb nosaltres.<\/p>\n<p>\n<\/div><div  class='avia-button-wrap av-lyoiqzg9-9d2567464f0f6b1dcaca974c7f7c3121-wrap avia-button-right '><a href='https:\/\/cerrajerosenbarcelona.co\/ca\/barris'  class='avia-button av-lyoiqzg9-9d2567464f0f6b1dcaca974c7f7c3121 av-link-btn avia-icon_select-no avia-size-large avia-position-right avia-color-theme-color'   aria-label=\"CONTACTAR\"><span class='avia_iconbox_title' >CONTACTAR<\/span><\/a><\/div><\/div><br \/>\n<div  class='togglecontainer av-mbg04afc-5a3e972b32033bdc212412be00e321ad  avia-builder-el-5  el_after_av_promobox  avia-builder-el-last  toggle_close_all' >\n<section class='av_toggle_section av-mbg02hw8-80d464590370bb4147beb39b5d5aa178' ><div role=\"tablist\" class=\"single_toggle\" data-tags=\"{All} \"  ><h3 id='toggle-toggle-id-1' data-fake-id='#toggle-id-1' class='toggler  av-title-above '  role='tab' tabindex='0' aria-controls='toggle-id-1' data-slide-speed=\"200\" data-title=\"Quins serveis especialitzats ofereixen els serrallers a El Prat de Llobregat?\" data-title-open=\"\" data-aria_collapsed=\"Click to expand: Quins serveis especialitzats ofereixen els serrallers a El Prat de Llobregat?\" data-aria_expanded=\"Click to collapse: Quins serveis especialitzats ofereixen els serrallers a El Prat de Llobregat?\">Quins serveis especialitzats ofereixen els serrallers a El Prat de Llobregat?<span class=\"toggle_icon\"><span class=\"vert_icon\"><\/span><span class=\"hor_icon\"><\/span><\/span><\/h3><div id='toggle-id-1' aria-labelledby='toggle-toggle-id-1' role='region' class='toggle_wrap  av-title-above'  ><div class='toggle_content invers-color ' ><p><span class=\"relative -mx-px my-&#091;-0.2rem&#093; rounded px-px py-&#091;0.2rem&#093; transition-colors duration-100 ease-in-out\">Els serrallers a El Prat de Llobregat ofereixen una \u00e0mplia gamma de serveis especialitzats, incloent l&#8217;obertura de portes, el canvi de panys, la reparaci\u00f3 de cilindres i la instal\u00b7laci\u00f3 de dispositius de seguretat.<\/span> <span class=\"relative -mx-px my-&#091;-0.2rem&#093; rounded px-px py-&#091;0.2rem&#093; transition-colors duration-100 ease-in-out\">Tamb\u00e9 realitzen treballs com la restauraci\u00f3 de marcs despr\u00e9s de robatoris i l&#8217;obertura de portes basculants.<\/span> <span class=\"relative -mx-px my-&#091;-0.2rem&#093; rounded px-px py-&#091;0.2rem&#093; transition-colors duration-100 ease-in-out\">A m\u00e9s, proporcionen assessorament personalitzat per determinar el tipus de pany m\u00e9s adequat per a cada situaci\u00f3, ja sigui per a habitatges particulars o locals comercials.<\/span><\/p>\n<\/div><\/div><\/div><\/section>\n<section class='av_toggle_section av-mbg02rk2-03cbe670913e5e5d07891129bfb96695' ><div role=\"tablist\" class=\"single_toggle\" data-tags=\"{All} \"  ><h3 id='toggle-toggle-id-2' data-fake-id='#toggle-id-2' class='toggler  av-title-above '  role='tab' tabindex='0' aria-controls='toggle-id-2' data-slide-speed=\"200\" data-title=\"Disposen de servei d\u2019urg\u00e8ncia les 24 hores?\" data-title-open=\"\" data-aria_collapsed=\"Click to expand: Disposen de servei d\u2019urg\u00e8ncia les 24 hores?\" data-aria_expanded=\"Click to collapse: Disposen de servei d\u2019urg\u00e8ncia les 24 hores?\">Disposen de servei d\u2019urg\u00e8ncia les 24 hores?<span class=\"toggle_icon\"><span class=\"vert_icon\"><\/span><span class=\"hor_icon\"><\/span><\/span><\/h3><div id='toggle-id-2' aria-labelledby='toggle-toggle-id-2' role='region' class='toggle_wrap  av-title-above'  ><div class='toggle_content invers-color ' ><p data-start=\"381\" data-end=\"579\"><span class=\"relative -mx-px my-&#091;-0.2rem&#093; rounded px-px py-&#091;0.2rem&#093; transition-colors duration-100 ease-in-out\">S\u00ed, els serrallers a El Prat de Llobregat ofereixen servei d&#8217;urg\u00e8ncia les 24 hores del dia, els 7 dies de la setmana.<\/span> <span class=\"relative -mx-px my-&#091;-0.2rem&#093; rounded px-px py-&#091;0.2rem&#093; transition-colors duration-100 ease-in-out\">Aquest servei est\u00e0 pensat per atendre situacions com p\u00e8rdua de claus, panys bloquejats o robatoris.<\/span> <span class=\"relative -mx-px my-&#091;-0.2rem&#093; rounded px-px py-&#091;0.2rem&#093; transition-colors duration-100 ease-in-out\">Els professionals es desplacen r\u00e0pidament per resoldre qualsevol incid\u00e8ncia, garantint una atenci\u00f3 r\u00e0pida i eficient en qualsevol moment del dia o de la nit.<\/span><\/p>\n<\/div><\/div><\/div><\/section>\n<section class='av_toggle_section av-mbg0344j-e2d4bfb3604dfc4ffba9055f0342ec91' ><div role=\"tablist\" class=\"single_toggle\" data-tags=\"{All} \"  ><h3 id='toggle-toggle-id-3' data-fake-id='#toggle-id-3' class='toggler  av-title-above '  role='tab' tabindex='0' aria-controls='toggle-id-3' data-slide-speed=\"200\" data-title=\"Quins tipus de panys i sistemes de seguretat instal\u00b7len?\" data-title-open=\"\" data-aria_collapsed=\"Click to expand: Quins tipus de panys i sistemes de seguretat instal\u00b7len?\" data-aria_expanded=\"Click to collapse: Quins tipus de panys i sistemes de seguretat instal\u00b7len?\">Quins tipus de panys i sistemes de seguretat instal\u00b7len?<span class=\"toggle_icon\"><span class=\"vert_icon\"><\/span><span class=\"hor_icon\"><\/span><\/span><\/h3><div id='toggle-id-3' aria-labelledby='toggle-toggle-id-3' role='region' class='toggle_wrap  av-title-above'  ><div class='toggle_content invers-color ' ><p><span class=\"relative -mx-px my-&#091;-0.2rem&#093; rounded px-px py-&#091;0.2rem&#093; transition-colors duration-100 ease-in-out\">Instal\u00b7len diversos tipus de panys i sistemes de seguretat, incloent panys de sobreposar d&#8217;alta gamma, panys embotits, panys el\u00e8ctrics i cilindres de seguretat.<\/span> <span class=\"relative -mx-px my-&#091;-0.2rem&#093; rounded px-px py-&#091;0.2rem&#093; transition-colors duration-100 ease-in-out\">Tamb\u00e9 ofereixen escuts protectors i forrellats de seguretat per refor\u00e7ar la protecci\u00f3 de les portes.<\/span> <span class=\"relative -mx-px my-&#091;-0.2rem&#093; rounded px-px py-&#091;0.2rem&#093; transition-colors duration-100 ease-in-out\">Els professionals assessoren sobre les millors opcions per millorar la seguretat de l&#8217;habitatge o negoci.<\/span><\/p>\n<\/div><\/div><\/div><\/section>\n<section class='av_toggle_section av-mbg03ez7-a19b1d3918737d1bc7c16ee51cdd8aae' ><div role=\"tablist\" class=\"single_toggle\" data-tags=\"{All} \"  ><h3 id='toggle-toggle-id-4' data-fake-id='#toggle-id-4' class='toggler  av-title-above '  role='tab' tabindex='0' aria-controls='toggle-id-4' data-slide-speed=\"200\" data-title=\"Ofereixen serveis per a comunitats de ve\u00efns?\" data-title-open=\"\" data-aria_collapsed=\"Click to expand: Ofereixen serveis per a comunitats de ve\u00efns?\" data-aria_expanded=\"Click to collapse: Ofereixen serveis per a comunitats de ve\u00efns?\">Ofereixen serveis per a comunitats de ve\u00efns?<span class=\"toggle_icon\"><span class=\"vert_icon\"><\/span><span class=\"hor_icon\"><\/span><\/span><\/h3><div id='toggle-id-4' aria-labelledby='toggle-toggle-id-4' role='region' class='toggle_wrap  av-title-above'  ><div class='toggle_content invers-color ' ><p data-start=\"870\" data-end=\"1028\"><span class=\"relative -mx-px my-&#091;-0.2rem&#093; rounded px-px py-&#091;0.2rem&#093; transition-colors duration-100 ease-in-out\">S\u00ed, proporcionen serveis espec\u00edfics per a comunitats de ve\u00efns, com la instal\u00b7laci\u00f3 de portes de seguretat per a accessos comuns, sistemes de control d&#8217;acc\u00e9s i ensinistrament de claus per a m\u00faltiples usuaris.<\/span> <span class=\"relative -mx-px my-&#091;-0.2rem&#093; rounded px-px py-&#091;0.2rem&#093; transition-colors duration-100 ease-in-out\">Tamb\u00e9 realitzen manteniment i reparaci\u00f3 de portes i panys en zones comunit\u00e0ries, assegurant la seguretat i funcionalitat dels accessos compartits.<\/span><\/p>\n<\/div><\/div><\/div><\/section>\n<section class='av_toggle_section av-mbg03stv-645f9c376493ffb0df45c70e7c3ec55e' ><div role=\"tablist\" class=\"single_toggle\" data-tags=\"{All} \"  ><h3 id='toggle-toggle-id-5' data-fake-id='#toggle-id-5' class='toggler  av-title-above '  role='tab' tabindex='0' aria-controls='toggle-id-5' data-slide-speed=\"200\" data-title=\"Com puc sol\u00b7licitar un pressupost o contactar amb ells?\" data-title-open=\"\" data-aria_collapsed=\"Click to expand: Com puc sol\u00b7licitar un pressupost o contactar amb ells?\" data-aria_expanded=\"Click to collapse: Com puc sol\u00b7licitar un pressupost o contactar amb ells?\">Com puc sol\u00b7licitar un pressupost o contactar amb ells?<span class=\"toggle_icon\"><span class=\"vert_icon\"><\/span><span class=\"hor_icon\"><\/span><\/span><\/h3><div id='toggle-id-5' aria-labelledby='toggle-toggle-id-5' role='region' class='toggle_wrap  av-title-above'  ><div class='toggle_content invers-color ' ><p data-start=\"1099\" data-end=\"1258\"><span class=\"relative -mx-px my-&#091;-0.2rem&#093; rounded px-px py-&#091;0.2rem&#093; transition-colors duration-100 ease-in-out\">Per sol\u00b7licitar un pressupost o contactar amb els serrallers a El Prat de Llobregat, pots trucar als n\u00fameros de tel\u00e8fon 933 238 507 o 629 58 70 22.<\/span> <span class=\"relative -mx-px my-&#091;-0.2rem&#093; rounded px-px py-&#091;0.2rem&#093; transition-colors duration-100 ease-in-out\">Tamb\u00e9 pots visitar la seva p\u00e0gina web i utilitzar el formulari de contacte disponible.<\/span> <span class=\"relative -mx-px my-&#091;-0.2rem&#093; rounded px-px py-&#091;0.2rem&#093; transition-colors duration-100 ease-in-out\">Ofereixen informaci\u00f3 detallada sobre els serveis i poden proporcionar un pressupost aproximat sense comprom\u00eds en el primer contacte.<\/span><\/p>\n<\/div><\/div><\/div><\/section>\n<section class='av_toggle_section av-mbg0497f-7aa7e5ddbdce32ec9f65d933cef8f285' ><div role=\"tablist\" class=\"single_toggle\" data-tags=\"{All} \"  ><h3 id='toggle-toggle-id-6' data-fake-id='#toggle-id-6' class='toggler  av-title-above '  role='tab' tabindex='0' aria-controls='toggle-id-6' data-slide-speed=\"200\" data-title=\"Quines mesures prenen per garantir la seguretat despr\u00e9s d\u2019un robatori?\" data-title-open=\"\" data-aria_collapsed=\"Click to expand: Quines mesures prenen per garantir la seguretat despr\u00e9s d\u2019un robatori?\" data-aria_expanded=\"Click to collapse: Quines mesures prenen per garantir la seguretat despr\u00e9s d\u2019un robatori?\">Quines mesures prenen per garantir la seguretat despr\u00e9s d\u2019un robatori?<span class=\"toggle_icon\"><span class=\"vert_icon\"><\/span><span class=\"hor_icon\"><\/span><\/span><\/h3><div id='toggle-id-6' aria-labelledby='toggle-toggle-id-6' role='region' class='toggle_wrap  av-title-above'  ><div class='toggle_content invers-color ' ><p data-start=\"1344\" data-end=\"1463\"><span class=\"relative -mx-px my-&#091;-0.2rem&#093; rounded px-px py-&#091;0.2rem&#093; transition-colors duration-100 ease-in-out\">Despr\u00e9s d&#8217;un robatori, els serrallers a El Prat de Llobregat ofereixen serveis de reparaci\u00f3 i refor\u00e7 de portes malmeses, substituci\u00f3 de panys i instal\u00b7laci\u00f3 de sistemes de seguretat addicionals.<\/span> <span class=\"relative -mx-px my-&#091;-0.2rem&#093; rounded px-px py-&#091;0.2rem&#093; transition-colors duration-100 ease-in-out\">Tamb\u00e9 assessoren sobre les millors opcions per millorar la seguretat de l&#8217;habitatge o negoci, com la instal\u00b7laci\u00f3 de portes blindades, escuts de seguretat i altres mesures preventives per evitar futurs incidents.<\/span><\/p>\n<\/div><\/div><\/div><\/section>\n<\/div><\/p><\/div>\n<style type=\"text\/css\" data-created_by=\"avia_inline_auto\" id=\"style-css-av-7gn1ho-300ff7549edcb3b7b0af7580931e8a77\">\n.flex_column.av-7gn1ho-300ff7549edcb3b7b0af7580931e8a77{\nborder-radius:0px 0px 0px 0px;\npadding:0px 0px 0px 0px;\n}\n<\/style>\n<div  class='flex_column av-7gn1ho-300ff7549edcb3b7b0af7580931e8a77 av_two_fifth  avia-builder-el-6  el_after_av_three_fifth  avia-builder-el-last  flex_column_div av-zero-column-padding  '     ><p>\n<style type=\"text\/css\" data-created_by=\"avia_inline_auto\" id=\"style-css-av-5j3tr0-4efb36e849100698ce91c4f387d4658d\">\n#top .av-special-heading.av-5j3tr0-4efb36e849100698ce91c4f387d4658d{\npadding-bottom:10px;\ncolor:#000000;\n}\nbody .av-special-heading.av-5j3tr0-4efb36e849100698ce91c4f387d4658d .av-special-heading-tag .heading-char{\nfont-size:25px;\n}\n.av-special-heading.av-5j3tr0-4efb36e849100698ce91c4f387d4658d .special-heading-inner-border{\nborder-color:#000000;\n}\n.av-special-heading.av-5j3tr0-4efb36e849100698ce91c4f387d4658d .av-subheading{\nfont-size:15px;\n}\n<\/style>\n<div  class='av-special-heading av-5j3tr0-4efb36e849100698ce91c4f387d4658d av-special-heading-h3 custom-color-heading blockquote modern-quote  avia-builder-el-7  el_before_av_hr  avia-builder-el-first  av-linked-heading'><h3 class='av-special-heading-tag '  >Pressupost a l\u2019instant gratu\u00eft<\/h3><div class=\"special-heading-border\"><div class=\"special-heading-inner-border\"><\/div><\/div><\/div><br \/>\n\n<style type=\"text\/css\" data-created_by=\"avia_inline_auto\" id=\"style-css-av-3poad8-627fa2715c646e7f73a5cc309d798c6f\">\n#top .hr.av-3poad8-627fa2715c646e7f73a5cc309d798c6f{\nmargin-top:10px;\nmargin-bottom:10px;\n}\n.hr.av-3poad8-627fa2715c646e7f73a5cc309d798c6f .hr-inner{\nwidth:50px;\nborder-color:#b02b2c;\n}\n<\/style>\n<div  class='hr av-3poad8-627fa2715c646e7f73a5cc309d798c6f hr-custom  avia-builder-el-8  el_after_av_heading  el_before_av_textblock  hr-left hr-icon-no'><span class='hr-inner inner-border-av-border-thin'><span class=\"hr-inner-style\"><\/span><\/span><\/div><br \/>\n<section  class='av_textblock_section av-1ugnvw-e0995e1248f1f0df448b2d18852c767d '  ><div class='avia_textblock' ><div><a href=\"tel: +34933238507\">933 238 507<\/a> &#8211; 24H<br \/>\n<a href=\"tel: +34629587022\">629 58 70 22<\/a> &#8211; 24H<\/div>\n<\/div><\/section><\/p><\/div><\/p>\n","protected":false},"excerpt":{"rendered":"<p>Prestem servei de serralleria El Prat de Llobregat i t&#8217;assessorarem en all\u00f2 que necessita. Tenim els millors experts en persiana, pany, cilindre o dispositiu de seguretat. El teu local de vegades no est\u00e0 degudament protegit, per aquest motiu us assessorarem sobre el tancament que necessites per a la teva persiana met\u00e0l\u00b7lica, compost de: cap\u00e7al, got, [&hellip;]<\/p>\n","protected":false},"author":2,"featured_media":2109,"parent":1713,"menu_order":0,"comment_status":"closed","ping_status":"closed","template":"","meta":{"footnotes":""},"class_list":["post-2108","page","type-page","status-publish","has-post-thumbnail","hentry"],"yoast_head":"<!-- This site is optimized with the Yoast SEO plugin v26.6 - https:\/\/yoast.com\/wordpress\/plugins\/seo\/ -->\n<title>Serraller El Prat de Llobregat Barcelona - Serralleria El Prat de Llobregat<\/title>\n<meta name=\"description\" content=\"Necessita un many\u00e0 urgent a El Prat de Llobregat a la seva zona? Contacti amb nosaltres. Experts en seguretat residencial, servei urgent 24h.\" \/>\n<meta name=\"robots\" content=\"index, follow, max-snippet:-1, max-image-preview:large, max-video-preview:-1\" \/>\n<link rel=\"canonical\" href=\"https:\/\/cerrajerosenbarcelona.co\/ca\/poblacions\/serraller-el-prat-de-llobregat\" \/>\n<meta property=\"og:locale\" content=\"ca_ES\" \/>\n<meta property=\"og:type\" content=\"article\" \/>\n<meta property=\"og:title\" content=\"Serraller El Prat de Llobregat Barcelona - Serralleria El Prat de Llobregat\" \/>\n<meta property=\"og:description\" content=\"Necessita un many\u00e0 urgent a El Prat de Llobregat a la seva zona? Contacti amb nosaltres. Experts en seguretat residencial, servei urgent 24h.\" \/>\n<meta property=\"og:url\" content=\"https:\/\/cerrajerosenbarcelona.co\/ca\/poblacions\/serraller-el-prat-de-llobregat\" \/>\n<meta property=\"og:site_name\" content=\"Cerrajer\u00eda\" \/>\n<meta property=\"article:modified_time\" content=\"2025-06-03T04:11:22+00:00\" \/>\n<meta property=\"og:image\" content=\"http:\/\/cerrajerosenbarcelona.co\/wp-content\/uploads\/2024\/07\/Serraller-El-Prat-de-Llobregat.png\" \/>\n\t<meta property=\"og:image:width\" content=\"800\" \/>\n\t<meta property=\"og:image:height\" content=\"800\" \/>\n\t<meta property=\"og:image:type\" content=\"image\/png\" \/>\n<meta name=\"twitter:card\" content=\"summary_large_image\" \/>\n<meta name=\"twitter:label1\" content=\"Temps estimat de lectura\" \/>\n\t<meta name=\"twitter:data1\" content=\"5 minuts\" \/>\n<script type=\"application\/ld+json\" class=\"yoast-schema-graph\">{\"@context\":\"https:\/\/schema.org\",\"@graph\":[{\"@type\":\"WebPage\",\"@id\":\"https:\/\/cerrajerosenbarcelona.co\/ca\/poblacions\/serraller-el-prat-de-llobregat\",\"url\":\"https:\/\/cerrajerosenbarcelona.co\/ca\/poblacions\/serraller-el-prat-de-llobregat\",\"name\":\"Serraller El Prat de Llobregat Barcelona - Serralleria El Prat de Llobregat\",\"isPartOf\":{\"@id\":\"https:\/\/cerrajerosenbarcelona.co\/#website\"},\"primaryImageOfPage\":{\"@id\":\"https:\/\/cerrajerosenbarcelona.co\/ca\/poblacions\/serraller-el-prat-de-llobregat#primaryimage\"},\"image\":{\"@id\":\"https:\/\/cerrajerosenbarcelona.co\/ca\/poblacions\/serraller-el-prat-de-llobregat#primaryimage\"},\"thumbnailUrl\":\"https:\/\/cerrajerosenbarcelona.co\/wp-content\/uploads\/2024\/07\/Serraller-El-Prat-de-Llobregat.png\",\"datePublished\":\"2024-07-16T14:52:31+00:00\",\"dateModified\":\"2025-06-03T04:11:22+00:00\",\"description\":\"Necessita un many\u00e0 urgent a El Prat de Llobregat a la seva zona? Contacti amb nosaltres. Experts en seguretat residencial, servei urgent 24h.\",\"breadcrumb\":{\"@id\":\"https:\/\/cerrajerosenbarcelona.co\/ca\/poblacions\/serraller-el-prat-de-llobregat#breadcrumb\"},\"inLanguage\":\"ca\",\"potentialAction\":[{\"@type\":\"ReadAction\",\"target\":[\"https:\/\/cerrajerosenbarcelona.co\/ca\/poblacions\/serraller-el-prat-de-llobregat\"]}]},{\"@type\":\"ImageObject\",\"inLanguage\":\"ca\",\"@id\":\"https:\/\/cerrajerosenbarcelona.co\/ca\/poblacions\/serraller-el-prat-de-llobregat#primaryimage\",\"url\":\"https:\/\/cerrajerosenbarcelona.co\/wp-content\/uploads\/2024\/07\/Serraller-El-Prat-de-Llobregat.png\",\"contentUrl\":\"https:\/\/cerrajerosenbarcelona.co\/wp-content\/uploads\/2024\/07\/Serraller-El-Prat-de-Llobregat.png\",\"width\":800,\"height\":800,\"caption\":\"Serraller El Prat de Llobregat\"},{\"@type\":\"BreadcrumbList\",\"@id\":\"https:\/\/cerrajerosenbarcelona.co\/ca\/poblacions\/serraller-el-prat-de-llobregat#breadcrumb\",\"itemListElement\":[{\"@type\":\"ListItem\",\"position\":1,\"name\":\"Portada\",\"item\":\"https:\/\/cerrajerosenbarcelona.co\/ca\"},{\"@type\":\"ListItem\",\"position\":2,\"name\":\"Poblacions\",\"item\":\"https:\/\/cerrajerosenbarcelona.co\/ca\/poblacions\"},{\"@type\":\"ListItem\",\"position\":3,\"name\":\"Serraller El Prat de Llobregat\"}]},{\"@type\":\"WebSite\",\"@id\":\"https:\/\/cerrajerosenbarcelona.co\/#website\",\"url\":\"https:\/\/cerrajerosenbarcelona.co\/\",\"name\":\"Cerrajer\u00eda\",\"description\":\"Otro sitio realizado con WordPress\",\"publisher\":{\"@id\":\"https:\/\/cerrajerosenbarcelona.co\/#organization\"},\"potentialAction\":[{\"@type\":\"SearchAction\",\"target\":{\"@type\":\"EntryPoint\",\"urlTemplate\":\"https:\/\/cerrajerosenbarcelona.co\/?s={search_term_string}\"},\"query-input\":{\"@type\":\"PropertyValueSpecification\",\"valueRequired\":true,\"valueName\":\"search_term_string\"}}],\"inLanguage\":\"ca\"},{\"@type\":\"Organization\",\"@id\":\"https:\/\/cerrajerosenbarcelona.co\/#organization\",\"name\":\"Cerrajer\u00eda TDA Barcelona\",\"url\":\"https:\/\/cerrajerosenbarcelona.co\/\",\"logo\":{\"@type\":\"ImageObject\",\"inLanguage\":\"ca\",\"@id\":\"https:\/\/cerrajerosenbarcelona.co\/#\/schema\/logo\/image\/\",\"url\":\"https:\/\/cerrajerosenbarcelona.co\/wp-content\/uploads\/2019\/11\/cerrajeria-tda-barcelona-logo-2.png\",\"contentUrl\":\"https:\/\/cerrajerosenbarcelona.co\/wp-content\/uploads\/2019\/11\/cerrajeria-tda-barcelona-logo-2.png\",\"width\":332,\"height\":98,\"caption\":\"Cerrajer\u00eda TDA Barcelona\"},\"image\":{\"@id\":\"https:\/\/cerrajerosenbarcelona.co\/#\/schema\/logo\/image\/\"}}]}<\/script>\n<!-- \/ Yoast SEO plugin. -->","yoast_head_json":{"title":"Serraller El Prat de Llobregat Barcelona - Serralleria El Prat de Llobregat","description":"Necessita un many\u00e0 urgent a El Prat de Llobregat a la seva zona? Contacti amb nosaltres. Experts en seguretat residencial, servei urgent 24h.","robots":{"index":"index","follow":"follow","max-snippet":"max-snippet:-1","max-image-preview":"max-image-preview:large","max-video-preview":"max-video-preview:-1"},"canonical":"https:\/\/cerrajerosenbarcelona.co\/ca\/poblacions\/serraller-el-prat-de-llobregat","og_locale":"ca_ES","og_type":"article","og_title":"Serraller El Prat de Llobregat Barcelona - Serralleria El Prat de Llobregat","og_description":"Necessita un many\u00e0 urgent a El Prat de Llobregat a la seva zona? Contacti amb nosaltres. Experts en seguretat residencial, servei urgent 24h.","og_url":"https:\/\/cerrajerosenbarcelona.co\/ca\/poblacions\/serraller-el-prat-de-llobregat","og_site_name":"Cerrajer\u00eda","article_modified_time":"2025-06-03T04:11:22+00:00","og_image":[{"width":800,"height":800,"url":"http:\/\/cerrajerosenbarcelona.co\/wp-content\/uploads\/2024\/07\/Serraller-El-Prat-de-Llobregat.png","type":"image\/png"}],"twitter_card":"summary_large_image","twitter_misc":{"Temps estimat de lectura":"5 minuts"},"schema":{"@context":"https:\/\/schema.org","@graph":[{"@type":"WebPage","@id":"https:\/\/cerrajerosenbarcelona.co\/ca\/poblacions\/serraller-el-prat-de-llobregat","url":"https:\/\/cerrajerosenbarcelona.co\/ca\/poblacions\/serraller-el-prat-de-llobregat","name":"Serraller El Prat de Llobregat Barcelona - Serralleria El Prat de Llobregat","isPartOf":{"@id":"https:\/\/cerrajerosenbarcelona.co\/#website"},"primaryImageOfPage":{"@id":"https:\/\/cerrajerosenbarcelona.co\/ca\/poblacions\/serraller-el-prat-de-llobregat#primaryimage"},"image":{"@id":"https:\/\/cerrajerosenbarcelona.co\/ca\/poblacions\/serraller-el-prat-de-llobregat#primaryimage"},"thumbnailUrl":"https:\/\/cerrajerosenbarcelona.co\/wp-content\/uploads\/2024\/07\/Serraller-El-Prat-de-Llobregat.png","datePublished":"2024-07-16T14:52:31+00:00","dateModified":"2025-06-03T04:11:22+00:00","description":"Necessita un many\u00e0 urgent a El Prat de Llobregat a la seva zona? Contacti amb nosaltres. Experts en seguretat residencial, servei urgent 24h.","breadcrumb":{"@id":"https:\/\/cerrajerosenbarcelona.co\/ca\/poblacions\/serraller-el-prat-de-llobregat#breadcrumb"},"inLanguage":"ca","potentialAction":[{"@type":"ReadAction","target":["https:\/\/cerrajerosenbarcelona.co\/ca\/poblacions\/serraller-el-prat-de-llobregat"]}]},{"@type":"ImageObject","inLanguage":"ca","@id":"https:\/\/cerrajerosenbarcelona.co\/ca\/poblacions\/serraller-el-prat-de-llobregat#primaryimage","url":"https:\/\/cerrajerosenbarcelona.co\/wp-content\/uploads\/2024\/07\/Serraller-El-Prat-de-Llobregat.png","contentUrl":"https:\/\/cerrajerosenbarcelona.co\/wp-content\/uploads\/2024\/07\/Serraller-El-Prat-de-Llobregat.png","width":800,"height":800,"caption":"Serraller El Prat de Llobregat"},{"@type":"BreadcrumbList","@id":"https:\/\/cerrajerosenbarcelona.co\/ca\/poblacions\/serraller-el-prat-de-llobregat#breadcrumb","itemListElement":[{"@type":"ListItem","position":1,"name":"Portada","item":"https:\/\/cerrajerosenbarcelona.co\/ca"},{"@type":"ListItem","position":2,"name":"Poblacions","item":"https:\/\/cerrajerosenbarcelona.co\/ca\/poblacions"},{"@type":"ListItem","position":3,"name":"Serraller El Prat de Llobregat"}]},{"@type":"WebSite","@id":"https:\/\/cerrajerosenbarcelona.co\/#website","url":"https:\/\/cerrajerosenbarcelona.co\/","name":"Cerrajer\u00eda","description":"Otro sitio realizado con WordPress","publisher":{"@id":"https:\/\/cerrajerosenbarcelona.co\/#organization"},"potentialAction":[{"@type":"SearchAction","target":{"@type":"EntryPoint","urlTemplate":"https:\/\/cerrajerosenbarcelona.co\/?s={search_term_string}"},"query-input":{"@type":"PropertyValueSpecification","valueRequired":true,"valueName":"search_term_string"}}],"inLanguage":"ca"},{"@type":"Organization","@id":"https:\/\/cerrajerosenbarcelona.co\/#organization","name":"Cerrajer\u00eda TDA Barcelona","url":"https:\/\/cerrajerosenbarcelona.co\/","logo":{"@type":"ImageObject","inLanguage":"ca","@id":"https:\/\/cerrajerosenbarcelona.co\/#\/schema\/logo\/image\/","url":"https:\/\/cerrajerosenbarcelona.co\/wp-content\/uploads\/2019\/11\/cerrajeria-tda-barcelona-logo-2.png","contentUrl":"https:\/\/cerrajerosenbarcelona.co\/wp-content\/uploads\/2019\/11\/cerrajeria-tda-barcelona-logo-2.png","width":332,"height":98,"caption":"Cerrajer\u00eda TDA Barcelona"},"image":{"@id":"https:\/\/cerrajerosenbarcelona.co\/#\/schema\/logo\/image\/"}}]}},"_links":{"self":[{"href":"https:\/\/cerrajerosenbarcelona.co\/ca\/wp-json\/wp\/v2\/pages\/2108","targetHints":{"allow":["GET"]}}],"collection":[{"href":"https:\/\/cerrajerosenbarcelona.co\/ca\/wp-json\/wp\/v2\/pages"}],"about":[{"href":"https:\/\/cerrajerosenbarcelona.co\/ca\/wp-json\/wp\/v2\/types\/page"}],"author":[{"embeddable":true,"href":"https:\/\/cerrajerosenbarcelona.co\/ca\/wp-json\/wp\/v2\/users\/2"}],"replies":[{"embeddable":true,"href":"https:\/\/cerrajerosenbarcelona.co\/ca\/wp-json\/wp\/v2\/comments?post=2108"}],"version-history":[{"count":3,"href":"https:\/\/cerrajerosenbarcelona.co\/ca\/wp-json\/wp\/v2\/pages\/2108\/revisions"}],"predecessor-version":[{"id":2299,"href":"https:\/\/cerrajerosenbarcelona.co\/ca\/wp-json\/wp\/v2\/pages\/2108\/revisions\/2299"}],"up":[{"embeddable":true,"href":"https:\/\/cerrajerosenbarcelona.co\/ca\/wp-json\/wp\/v2\/pages\/1713"}],"wp:featuredmedia":[{"embeddable":true,"href":"https:\/\/cerrajerosenbarcelona.co\/ca\/wp-json\/wp\/v2\/media\/2109"}],"wp:attachment":[{"href":"https:\/\/cerrajerosenbarcelona.co\/ca\/wp-json\/wp\/v2\/media?parent=2108"}],"curies":[{"name":"wp","href":"https:\/\/api.w.org\/{rel}","templated":true}]}}